{"id":67587,"date":"2026-04-20T11:33:22","date_gmt":"2026-04-20T16:33:22","guid":{"rendered":"https:\/\/www.ccdallas.org\/?page_id=67587"},"modified":"2026-04-28T08:26:21","modified_gmt":"2026-04-28T13:26:21","slug":"academia-de-riqueza-next-gen","status":"publish","type":"page","link":"https:\/\/www.ccdallas.org\/es\/academia-de-riqueza-next-gen\/","title":{"rendered":"Academia de Riqueza Next Gen"},"content":{"rendered":"<p><div class=\"fusion-fullwidth fullwidth-box fusion-builder-row-1 fusion-flex-container has-pattern-background has-mask-background fusion-parallax-none nonhundred-percent-fullwidth non-hundred-percent-height-scrolling lazyload\" style=\"--awb-background-blend-mode:multiply;--awb-border-radius-top-left:0px;--awb-border-radius-top-right:0px;--awb-border-radius-bottom-right:0px;--awb-border-radius-bottom-left:0px;--awb-padding-top:68px;--awb-padding-bottom:88px;--awb-margin-top:0px;--awb-background-color:rgba(0,0,0,0.47);--awb-background-size:cover;--awb-flex-wrap:wrap;\" data-bg=\"https:\/\/www.ccdallas.org\/wp-content\/uploads\/2023\/11\/shutterstock_1722385453-scaled.jpg\" ><div class=\"fusion-builder-row fusion-row fusion-flex-align-items-center fusion-flex-justify-content-center fusion-flex-content-wrap\" style=\"max-width:1248px;margin-left: calc(-4% \/ 2 );margin-right: calc(-4% \/ 2 );\"><div class=\"fusion-layout-column fusion_builder_column fusion-builder-column-0 fusion_builder_column_3_4 3_4 fusion-flex-column\" style=\"--awb-bg-size:cover;--awb-width-large:75%;--awb-margin-top-large:0px;--awb-spacing-right-large:2.56%;--awb-margin-bottom-large:20px;--awb-spacing-left-large:2.56%;--awb-width-medium:100%;--awb-order-medium:0;--awb-spacing-right-medium:1.92%;--awb-spacing-left-medium:1.92%;--awb-width-small:100%;--awb-order-small:0;--awb-spacing-right-small:1.92%;--awb-spacing-left-small:1.92%;\"><div class=\"fusion-column-wrapper fusion-column-has-shadow fusion-flex-justify-content-flex-start fusion-content-layout-column\"><i class=\"fb-icon-element-1 fb-icon-element fontawesome-icon icon-new-ccd-iconsholding-money circle-no\" style=\"--awb-font-size:41px;--awb-align-self:center;--awb-margin-top:0px;--awb-margin-right:0px;--awb-margin-bottom:1%;--awb-margin-left:0px;\"><\/i><div class=\"fusion-text fusion-text-1 fusion-text-no-margin\" style=\"--awb-content-alignment:center;--awb-text-color:var(--awb-color1);--awb-margin-bottom:0px;\"><p>Academia de Riqueza Next Gen<\/p>\n<\/div><div class=\"fusion-title title fusion-title-1 fusion-sep-none fusion-title-center fusion-title-text fusion-title-size-one\" style=\"--awb-text-color:#ffffff;--awb-margin-bottom:3%;--awb-margin-top-small:10px;--awb-margin-right-small:0px;--awb-margin-bottom-small:10px;--awb-margin-left-small:0px;\"><h1 class=\"fusion-title-heading title-heading-center fusion-responsive-typography-calculated\" style=\"margin:0;--fontSize:50;line-height:1.2;\"><span style=\"color: #ffffff;\">Sirviendo, educando y empoderando a individuos y familias para crear una relaci\u00f3n positiva con el dinero<\/span><\/h1><\/div><div class=\"fusion-text fusion-text-2\" style=\"--awb-content-alignment:center;--awb-text-color:var(--awb-color1);\"><p>Empoderamos a nuestra comunidad para construir riqueza multigeneracional.<\/p>\n<\/div><\/div><\/div><\/div><\/div><div class=\"fusion-fullwidth fullwidth-box fusion-builder-row-2 nonhundred-percent-fullwidth non-hundred-percent-height-scrolling\" style=\"--awb-border-radius-top-left:0px;--awb-border-radius-top-right:0px;--awb-border-radius-bottom-right:0px;--awb-border-radius-bottom-left:0px;--awb-padding-top:38px;--awb-padding-bottom:53px;--awb-flex-wrap:wrap;\" ><div class=\"fusion-builder-row fusion-row\"><div class=\"fusion-layout-column fusion_builder_column fusion-builder-column-1 fusion_builder_column_1_1 1_1 fusion-one-full fusion-column-first fusion-column-last\" style=\"--awb-padding-top:23px;--awb-padding-bottom:23px;--awb-bg-color:rgba(249,249,251,0);--awb-bg-color-hover:rgba(249,249,251,0);--awb-bg-size:cover;--awb-margin-top:23px;\"><div class=\"fusion-column-wrapper fusion-column-has-shadow fusion-flex-column-wrapper-legacy\"><div class=\"fusion-title title fusion-title-2 fusion-sep-none fusion-title-text fusion-title-size-two\" style=\"--awb-text-color:var(--awb-color6);--awb-margin-bottom:25px;--awb-margin-top-small:10px;--awb-margin-right-small:0px;--awb-margin-bottom-small:10px;--awb-margin-left-small:0px;\"><h2 class=\"fusion-title-heading title-heading-left fusion-responsive-typography-calculated\" style=\"margin:0;--fontSize:40;line-height:1.2;\"><div style=\"text-align: left;\">Nuestros Servicios<\/div><\/h2><\/div><div class=\"fusion-sep-clear\"><\/div><div class=\"fusion-separator fusion-clearfix\" style=\"float:left;margin-top:2%;margin-bottom:3%;width:100%;max-width:50%;\"><div class=\"fusion-separator-border sep-single sep-solid\" style=\"--awb-height:20px;--awb-amount:20px;border-color:#e2e2e2;border-top-width:1px;\"><\/div><\/div><div class=\"fusion-sep-clear\"><\/div><div class=\"fusion-clearfix\"><\/div><\/div><\/div><div class=\"fusion-layout-column fusion_builder_column fusion-builder-column-2 fusion_builder_column_1_1 1_1 fusion-one-full fusion-column-first fusion-column-last\" style=\"--awb-bg-blend:overlay;--awb-bg-size:cover;--awb-margin-top:25px;--awb-margin-bottom:0px;\"><div class=\"fusion-column-wrapper fusion-flex-column-wrapper-legacy\"><div class=\"fusion-builder-row fusion-builder-row-inner fusion-row\"><div class=\"fusion-layout-column fusion_builder_column_inner fusion-builder-nested-column-0 fusion_builder_column_inner_1_2 1_2 fusion-one-half fusion-column-first\" style=\"--awb-padding-bottom:20px;--awb-bg-size:cover;--awb-margin-bottom:47px;width:50%;width:calc(50% - ( ( 4% ) * 0.5 ) );margin-right: 4%;\"><div class=\"fusion-column-wrapper fusion-column-has-shadow fusion-flex-column-wrapper-legacy\"><i class=\"fb-icon-element-2 fb-icon-element fontawesome-icon fa-copy fas circle-yes fusion-text-flow\" style=\"--awb-circlecolor:var(--awb-color6);--awb-circlecolor-hover:var(--awb-color6);--awb-circlebordercolor:var(--awb-color6);--awb-circlebordercolor-hover:var(--awb-color6);--awb-circlebordersize:1px;--awb-font-size:28.16px;--awb-width:56.32px;--awb-height:56.32px;--awb-line-height:54.32px;--awb-margin-right:16px;\"><\/i><div class=\"fusion-title title fusion-title-3 fusion-sep-none fusion-title-text fusion-title-size-five\" style=\"--awb-text-color:var(--awb-custom13);--awb-margin-top-small:10px;--awb-margin-right-small:0px;--awb-margin-bottom-small:10px;--awb-margin-left-small:0px;\"><h5 class=\"fusion-title-heading title-heading-left fusion-responsive-typography-calculated\" style=\"margin:0;--fontSize:24;--minFontSize:24;line-height:1.4;\">Preparaci\u00f3n de Impuestos<\/h5><\/div><div class=\"fusion-text fusion-text-3\"><p>Servicio gratuito de preparaci\u00f3n de impuestos disponible para personas con ingresos menores a $67,000 al a\u00f1o.<\/p>\n<p>Disponible del 7 de febrero al 15 de abril de 2026.<\/p>\n<\/div><div class=\"fusion-button-wrapper\"><a class=\"fusion-button button-flat button-medium button-orange fusion-button-orange button-1 fusion-button-default-span fusion-button-default-type\" target=\"_blank\" rel=\"noopener noreferrer\" href=\"https:\/\/ccdallas.as.me\/schedule\/6bf24628\/category\/Taxes\"><span class=\"fusion-button-text awb-button__text awb-button__text--default\">Agendar Cita<\/span><\/a><\/div><div class=\"fusion-clearfix\"><\/div><\/div><\/div><div class=\"fusion-layout-column fusion_builder_column_inner fusion-builder-nested-column-1 fusion_builder_column_inner_1_2 1_2 fusion-one-half fusion-column-last\" style=\"--awb-padding-bottom:10px;--awb-bg-size:cover;width:50%;width:calc(50% - ( ( 4% ) * 0.5 ) );\"><div class=\"fusion-column-wrapper fusion-column-has-shadow fusion-flex-column-wrapper-legacy\"><i class=\"fb-icon-element-3 fb-icon-element fontawesome-icon fa-copy fas circle-yes fusion-text-flow\" style=\"--awb-circlecolor:var(--awb-color6);--awb-circlecolor-hover:var(--awb-color6);--awb-circlebordercolor:var(--awb-color6);--awb-circlebordercolor-hover:var(--awb-color6);--awb-circlebordersize:1px;--awb-font-size:28.16px;--awb-width:56.32px;--awb-height:56.32px;--awb-line-height:54.32px;--awb-margin-right:16px;\"><\/i><div class=\"fusion-title title fusion-title-4 fusion-sep-none fusion-title-text fusion-title-size-five\" style=\"--awb-text-color:var(--awb-custom13);--awb-margin-top-small:10px;--awb-margin-right-small:0px;--awb-margin-bottom-small:10px;--awb-margin-left-small:0px;\"><h5 class=\"fusion-title-heading title-heading-left fusion-responsive-typography-calculated\" style=\"margin:0;--fontSize:24;--minFontSize:24;line-height:1.4;\">Servicios de Apoyo y Recursos<\/h5><\/div><div class=\"fusion-text fusion-text-4\"><p>Conozca servicios de apoyo esenciales, incluidos los programas de asistencia para servicios p\u00fablicos de Cirro Energy y Atmos. Explore los recursos disponibles dise\u00f1ados para ayudarle a administrar los costos de energ\u00eda y otros gastos b\u00e1sicos.<\/p>\n<\/div><div class=\"fusion-button-wrapper\"><a class=\"fusion-button button-flat button-medium button-orange fusion-button-orange button-2 fusion-button-default-span fusion-button-default-type\" target=\"_self\" href=\"https:\/\/www.ccdallas.org\/es\/academia-de-riqueza-next-gen\/servicios-de-apoyo-y-recursos\/\"><span class=\"fusion-button-text awb-button__text awb-button__text--default\">M\u00e1s Informaci\u00f3n<\/span><\/a><\/div><div class=\"fusion-clearfix\"><\/div><\/div><\/div><div class=\"fusion-layout-column fusion_builder_column_inner fusion-builder-nested-column-2 fusion_builder_column_inner_1_2 1_2 fusion-one-half fusion-column-first\" style=\"--awb-padding-top:26px;--awb-bg-size:cover;--awb-margin-bottom:47px;width:50%;width:calc(50% - ( ( 4% ) * 0.5 ) );margin-right: 4%;\"><div class=\"fusion-column-wrapper fusion-column-has-shadow fusion-flex-column-wrapper-legacy\"><i class=\"fb-icon-element-4 fb-icon-element fontawesome-icon fa-dollar-sign fas circle-yes fusion-text-flow\" style=\"--awb-circlecolor:#0085ca;--awb-circlecolor-hover:#0085ca;--awb-circlebordercolor-hover:#4a4e57;--awb-circlebordersize:0px;--awb-font-size:28.16px;--awb-width:56.32px;--awb-height:56.32px;--awb-line-height:56.32px;--awb-margin-right:16px;\"><\/i><div class=\"fusion-title title fusion-title-5 fusion-sep-none fusion-title-text fusion-title-size-five\" style=\"--awb-text-color:var(--awb-custom13);--awb-margin-top-small:10px;--awb-margin-right-small:0px;--awb-margin-bottom-small:10px;--awb-margin-left-small:0px;\"><h5 class=\"fusion-title-heading title-heading-left fusion-responsive-typography-calculated\" style=\"margin:0;--fontSize:24;--minFontSize:24;line-height:1.4;\">Capacitaci\u00f3n y Educaci\u00f3n Financiera<\/h5><\/div><div class=\"fusion-text fusion-text-5\"><p>Nuestros asesores financieros trabajan con los clientes de forma individual o en grupo para fortalecer conocimientos sobre cr\u00e9dito, ahorros, deudas y manejo de gastos. Las personas que califican pueden acceder a asistencia financiera y a otros incentivos del programa.<\/p>\n<\/div><div class=\"fusion-clearfix\"><\/div><\/div><\/div><div class=\"fusion-layout-column fusion_builder_column_inner fusion-builder-nested-column-3 fusion_builder_column_inner_1_2 1_2 fusion-one-half fusion-column-last\" style=\"--awb-padding-top:10px;--awb-padding-bottom:20px;--awb-bg-size:cover;width:50%;width:calc(50% - ( ( 4% ) * 0.5 ) );\"><div class=\"fusion-column-wrapper fusion-column-has-shadow fusion-flex-column-wrapper-legacy\"><i class=\"fb-icon-element-5 fb-icon-element fontawesome-icon fa-briefcase fas circle-yes fusion-text-flow\" style=\"--awb-circlecolor:#0085ca;--awb-circlecolor-hover:#0085ca;--awb-circlebordercolor-hover:#4a4e57;--awb-circlebordersize:0px;--awb-font-size:28.16px;--awb-width:56.32px;--awb-height:56.32px;--awb-line-height:56.32px;--awb-margin-right:16px;\"><\/i><div class=\"fusion-title title fusion-title-6 fusion-sep-none fusion-title-text fusion-title-size-five\" style=\"--awb-text-color:var(--awb-custom13);--awb-margin-top-small:10px;--awb-margin-right-small:0px;--awb-margin-bottom-small:10px;--awb-margin-left-small:0px;\"><h5 class=\"fusion-title-heading title-heading-left fusion-responsive-typography-calculated\" style=\"margin:0;--fontSize:24;--minFontSize:24;line-height:1.4;\">Servicios de Empleo<\/h5><\/div><div class=\"fusion-text fusion-text-6\"><p>Ofrecemos asesor\u00eda sobre el mercado laboral para apoyar a personas desempleadas o subempleadas. Los servicios incluyen colocaci\u00f3n laboral, asistencia con curr\u00edculums, programas de capacitaci\u00f3n y apoyo para el desarrollo de habilidades laborales.<\/p>\n<\/div><div class=\"fusion-clearfix\"><\/div><\/div><\/div><div class=\"fusion-layout-column fusion_builder_column_inner fusion-builder-nested-column-4 fusion_builder_column_inner_1_2 1_2 fusion-one-half fusion-column-first\" style=\"--awb-bg-size:cover;width:50%;width:calc(50% - ( ( 4% ) * 0.5 ) );margin-right: 4%;\"><div class=\"fusion-column-wrapper fusion-column-has-shadow fusion-flex-column-wrapper-legacy\"><i class=\"fb-icon-element-6 fb-icon-element fontawesome-icon fa-home fas circle-yes fusion-text-flow\" style=\"--awb-circlecolor:#0085ca;--awb-circlecolor-hover:#0085ca;--awb-circlebordercolor-hover:#4a4e57;--awb-circlebordersize:0px;--awb-font-size:28.16px;--awb-width:56.32px;--awb-height:56.32px;--awb-line-height:56.32px;--awb-margin-right:16px;\"><\/i><div class=\"fusion-title title fusion-title-7 fusion-sep-none fusion-title-text fusion-title-size-five\" style=\"--awb-text-color:var(--awb-custom13);--awb-margin-top-small:10px;--awb-margin-right-small:0px;--awb-margin-bottom-small:10px;--awb-margin-left-small:0px;\"><h5 class=\"fusion-title-heading title-heading-left fusion-responsive-typography-calculated\" style=\"margin:0;--fontSize:24;--minFontSize:24;line-height:1.4;\">Asesor\u00eda de Vivienda HUD<\/h5><\/div><div class=\"fusion-alert alert notice alert-warning fusion-alert-center awb-alert-native-link-color alert-dismissable awb-alert-close-boxed\" role=\"alert\"><div class=\"fusion-alert-content-wrapper\"><span class=\"alert-icon\"><i class=\"awb-icon-cog\" aria-hidden=\"true\"><\/i><\/span><span class=\"fusion-alert-content\">Currently on hold. Please contact us for more information.<\/span><\/div><button type=\"button\" class=\"close toggle-alert\" data-dismiss=\"alert\" aria-label=\"Close\">&times;<\/button><\/div><div class=\"fusion-text fusion-text-7\"><p>Nuestros asesores de vivienda brindan educaci\u00f3n, apoyo y recursos durante todo el proceso de compra de una vivienda. Tambi\u00e9n ofrecemos la clase y el certificado aprobados por HUD para compradores de vivienda por primera vez, requeridos por prestamistas, agentes inmobiliarios y programas de asistencia para el pago inicial.<\/p>\n<\/div><div class=\"fusion-clearfix\"><\/div><\/div><\/div><\/div><div class=\"fusion-clearfix\"><\/div><\/div><\/div><\/div><\/div><div id=\"nextgenwealthacademy\" class=\"fusion-container-anchor\"><div class=\"fusion-fullwidth fullwidth-box fusion-builder-row-3 nonhundred-percent-fullwidth non-hundred-percent-height-scrolling fusion-no-small-visibility fusion-no-medium-visibility\" style=\"--awb-border-radius-top-left:0px;--awb-border-radius-top-right:0px;--awb-border-radius-bottom-right:0px;--awb-border-radius-bottom-left:0px;--awb-padding-top:54px;--awb-padding-right:68px;--awb-padding-bottom:39px;--awb-padding-left:68px;--awb-margin-top:0px;--awb-background-color:var(--awb-color3);--awb-flex-wrap:wrap;\" ><div class=\"fusion-builder-row fusion-row\"><div class=\"fusion-layout-column fusion_builder_column fusion-builder-column-3 fusion_builder_column_1_1 1_1 fusion-one-full fusion-column-first fusion-column-last\" style=\"--awb-bg-size:cover;--awb-margin-bottom:40px;\"><div class=\"fusion-column-wrapper fusion-column-has-shadow fusion-flex-column-wrapper-legacy\"><div class=\"fusion-title title fusion-title-8 fusion-sep-none fusion-title-center fusion-title-text fusion-title-size-two\" style=\"--awb-margin-bottom:3%;--awb-margin-top-small:10px;--awb-margin-right-small:0px;--awb-margin-bottom-small:10px;--awb-margin-left-small:0px;\"><h2 class=\"fusion-title-heading title-heading-center fusion-responsive-typography-calculated\" style=\"margin:0;--fontSize:40;line-height:1.2;\">Ayudando a Construir Riqueza Generacional<\/h2><\/div><div class=\"fusion-text fusion-text-8\" style=\"--awb-content-alignment:center;\"><p>Sabemos que cada familia tiene valores y necesidades financieras \u00fanicas. Por eso ofrecemos orientaci\u00f3n financiera personalizada que va m\u00e1s all\u00e1 de la elaboraci\u00f3n de presupuestos. Ya sea que desee mejorar su cr\u00e9dito, reducir su deuda o ahorrar para la vivienda de sus sue\u00f1os, nuestros asesores le ayudar\u00e1n a desarrollar un plan para alcanzar sus metas.<\/p>\n<\/div><div class=\"fusion-clearfix\"><\/div><\/div><\/div><div class=\"fusion-layout-column fusion_builder_column fusion-builder-column-4 fusion_builder_column_1_3 1_3 fusion-one-third fusion-column-first\" style=\"--awb-padding-bottom:20px;--awb-bg-blend:overlay;--awb-bg-size:cover;--awb-margin-bottom:0px;width:30.6666%; margin-right: 4%;\"><div class=\"fusion-column-wrapper fusion-flex-column-wrapper-legacy\"><div class=\"fusion-fa-align-center\"><i class=\"fb-icon-element-7 fb-icon-element fontawesome-icon fa-file-signature fas circle-yes\" style=\"--awb-circlecolor:#0085ca;--awb-circlecolor-hover:#0085ca;--awb-circlebordercolor-hover:#4a4e57;--awb-circlebordersize:0px;--awb-font-size:28.16px;--awb-width:56.32px;--awb-height:56.32px;--awb-line-height:56.32px;--awb-margin-bottom:5%;\"><\/i><\/div><div class=\"fusion-title title fusion-title-9 fusion-sep-none fusion-title-center fusion-title-text fusion-title-size-five\" style=\"--awb-text-color:var(--awb-custom13);--awb-margin-bottom:5%;--awb-margin-top-small:10px;--awb-margin-right-small:0px;--awb-margin-bottom-small:10px;--awb-margin-left-small:0px;\"><h5 class=\"fusion-title-heading title-heading-center fusion-responsive-typography-calculated\" style=\"margin:0;--fontSize:24;--minFontSize:24;line-height:1.4;\">Paso 1<\/h5><\/div><div class=\"fusion-text fusion-text-9\" style=\"--awb-content-alignment:center;\"><p>Si est\u00e1 listo para dar el primer paso en su camino financiero, complete el formulario a continuaci\u00f3n.<\/p>\n<\/div><div class=\"fusion-button-wrapper fusion-align-block\"><a class=\"fusion-button button-flat fusion-button-default-size button-orange fusion-button-orange button-3 fusion-button-span-yes fusion-button-default-type\" target=\"_blank\" rel=\"noopener noreferrer\" href=\"https:\/\/forms.office.com\/pages\/responsepage.aspx?id=iw8LCOoW2UadYostNP929nhZ7MjJ-IdHnJ6q42Bv3FFUMlk5OEI4UFpZWUc5RUg2QlhVR0I1Q1BQQS4u\"><span class=\"fusion-button-text awb-button__text awb-button__text--default\">Comenzar<\/span><\/a><\/div><div class=\"fusion-clearfix\"><\/div><\/div><\/div><div class=\"fusion-layout-column fusion_builder_column fusion-builder-column-5 fusion_builder_column_1_3 1_3 fusion-one-third\" style=\"--awb-bg-blend:overlay;--awb-bg-size:cover;--awb-margin-bottom:0px;width:30.6666%; margin-right: 4%;\"><div class=\"fusion-column-wrapper fusion-flex-column-wrapper-legacy\"><div class=\"fusion-fa-align-center\"><i class=\"fb-icon-element-8 fb-icon-element fontawesome-icon fa-calendar-check fas circle-yes\" style=\"--awb-circlecolor:#0085ca;--awb-circlecolor-hover:#0085ca;--awb-circlebordercolor-hover:#4a4e57;--awb-circlebordersize:0px;--awb-font-size:28.16px;--awb-width:56.32px;--awb-height:56.32px;--awb-line-height:56.32px;--awb-margin-bottom:5%;\"><\/i><\/div><div class=\"fusion-title title fusion-title-10 fusion-sep-none fusion-title-center fusion-title-text fusion-title-size-five\" style=\"--awb-text-color:var(--awb-custom13);--awb-margin-bottom:5%;--awb-margin-top-small:10px;--awb-margin-right-small:0px;--awb-margin-bottom-small:10px;--awb-margin-left-small:0px;\"><h5 class=\"fusion-title-heading title-heading-center fusion-responsive-typography-calculated\" style=\"margin:0;--fontSize:24;--minFontSize:24;line-height:1.4;\">Paso 2<\/h5><\/div><div class=\"fusion-text fusion-text-10\" style=\"--awb-content-alignment:center;\"><p>Despu\u00e9s de completar el formulario, un especialista de admisiones se comunicar\u00e1 con usted para programar una cita.<\/p>\n<\/div><div class=\"fusion-clearfix\"><\/div><\/div><\/div><div class=\"fusion-layout-column fusion_builder_column fusion-builder-column-6 fusion_builder_column_1_3 1_3 fusion-one-third fusion-column-last\" style=\"--awb-bg-size:cover;width:30.6666%;\"><div class=\"fusion-column-wrapper fusion-column-has-shadow fusion-flex-column-wrapper-legacy\"><div class=\"fusion-fa-align-center\"><i class=\"fb-icon-element-9 fb-icon-element fontawesome-icon fa-clipboard fas circle-yes\" style=\"--awb-circlecolor:#0085ca;--awb-circlecolor-hover:#0085ca;--awb-circlebordercolor-hover:#4a4e57;--awb-circlebordersize:0px;--awb-font-size:28.16px;--awb-width:56.32px;--awb-height:56.32px;--awb-line-height:56.32px;--awb-margin-bottom:5%;\"><\/i><\/div><div class=\"fusion-title title fusion-title-11 fusion-sep-none fusion-title-center fusion-title-text fusion-title-size-five\" style=\"--awb-text-color:var(--awb-custom13);--awb-margin-bottom:5%;--awb-margin-top-small:10px;--awb-margin-right-small:0px;--awb-margin-bottom-small:10px;--awb-margin-left-small:0px;\"><h5 class=\"fusion-title-heading title-heading-center fusion-responsive-typography-calculated\" style=\"margin:0;--fontSize:24;--minFontSize:24;line-height:1.4;\">Paso 3<\/h5><\/div><div class=\"fusion-text fusion-text-11\" style=\"--awb-content-alignment:center;\"><p>Inicie su camino hacia la estabilidad financiera con apoyo personalizado de nuestros asesores.<\/p>\n<\/div><div class=\"fusion-clearfix\"><\/div><\/div><\/div><div class=\"fusion-layout-column fusion_builder_column fusion-builder-column-7 fusion_builder_column_1_1 1_1 fusion-one-full fusion-column-first fusion-column-last\" style=\"--awb-padding-top:4%;--awb-bg-size:cover;\"><div class=\"fusion-column-wrapper fusion-column-has-shadow fusion-flex-column-wrapper-legacy\"><div class=\"fusion-text fusion-text-12\" style=\"--awb-content-alignment:center;\"><p>Para asistencia, recursos o m\u00e1s informaci\u00f3n, ll\u00e1menos al <a href=\"tel:2143891435\" style=\"color: var(--awb-color5);\">214-389-1435<\/a>.<\/p>\n<\/div><div class=\"fusion-clearfix\"><\/div><\/div><\/div><\/div><\/div><\/div><div id=\"employmentservices\" class=\"fusion-container-anchor\"><div class=\"fusion-fullwidth fullwidth-box fusion-builder-row-4 fusion-flex-container nonhundred-percent-fullwidth non-hundred-percent-height-scrolling\" style=\"--awb-border-radius-top-left:0px;--awb-border-radius-top-right:0px;--awb-border-radius-bottom-right:0px;--awb-border-radius-bottom-left:0px;--awb-padding-top:0px;--awb-padding-right:400px;--awb-padding-bottom:47px;--awb-padding-left:400px;--awb-padding-right-medium:68px;--awb-padding-left-medium:68px;--awb-padding-top-small:20px;--awb-flex-wrap:wrap;\" ><div class=\"fusion-builder-row fusion-row fusion-flex-align-items-flex-start fusion-flex-content-wrap\" style=\"max-width:1248px;margin-left: calc(-4% \/ 2 );margin-right: calc(-4% \/ 2 );\"><div class=\"fusion-layout-column fusion_builder_column fusion-builder-column-8 fusion_builder_column_1_1 1_1 fusion-flex-column\" style=\"--awb-bg-size:cover;--awb-width-large:100%;--awb-margin-top-large:0px;--awb-spacing-right-large:1.92%;--awb-margin-bottom-large:20px;--awb-spacing-left-large:1.92%;--awb-width-medium:100%;--awb-order-medium:0;--awb-spacing-right-medium:1.92%;--awb-spacing-left-medium:1.92%;--awb-width-small:100%;--awb-order-small:0;--awb-spacing-right-small:1.92%;--awb-spacing-left-small:1.92%;\"><div class=\"fusion-column-wrapper fusion-column-has-shadow fusion-flex-justify-content-flex-start fusion-content-layout-column\"><div class=\"fusion-title title fusion-title-12 fusion-sep-none fusion-title-text fusion-title-size-two\" style=\"--awb-margin-top:5%;--awb-margin-top-small:10px;--awb-margin-right-small:0px;--awb-margin-bottom-small:10px;--awb-margin-left-small:0px;\"><h2 class=\"fusion-title-heading title-heading-left fusion-responsive-typography-calculated\" style=\"margin:0;--fontSize:40;line-height:1.2;\"><div style=\"text-align: center;\">Servicios de Empleo<\/div><\/h2><\/div><\/div><\/div><div class=\"fusion-layout-column fusion_builder_column fusion-builder-column-9 fusion_builder_column_1_1 1_1 fusion-flex-column\" style=\"--awb-bg-size:cover;--awb-width-large:100%;--awb-margin-top-large:0px;--awb-spacing-right-large:1.92%;--awb-margin-bottom-large:20px;--awb-spacing-left-large:1.92%;--awb-width-medium:100%;--awb-order-medium:0;--awb-spacing-right-medium:1.92%;--awb-spacing-left-medium:1.92%;--awb-width-small:100%;--awb-order-small:0;--awb-spacing-right-small:1.92%;--awb-spacing-left-small:1.92%;\"><div class=\"fusion-column-wrapper fusion-column-has-shadow fusion-flex-justify-content-flex-start fusion-content-layout-column\"><div class=\"fusion-title title fusion-title-13 fusion-sep-none fusion-title-text fusion-title-size-five\" style=\"--awb-text-color:var(--awb-custom13);--awb-margin-top-small:10px;--awb-margin-right-small:0px;--awb-margin-bottom-small:10px;--awb-margin-left-small:0px;--awb-font-size:28px;\"><h5 class=\"fusion-title-heading title-heading-left fusion-responsive-typography-calculated\" style=\"margin:0;font-size:1em;--fontSize:28;line-height:1.4;\">C\u00f3mo Podemos Ayudar:<\/h5><\/div><div class=\"fusion-text fusion-text-13\"><p>Nuestro equipo brinda apoyo mediante orientaci\u00f3n laboral y acompa\u00f1amiento para definir metas profesionales.<\/p>\n<p>El programa de colocaci\u00f3n laboral colabora con empleadores y la comunidad empresarial para ayudar a personas desempleadas o subempleadas a acceder a empleos significativos.<\/p>\n<ul>\n<\/ul>\n<\/div><\/div><\/div><div class=\"fusion-layout-column fusion_builder_column fusion-builder-column-10 fusion_builder_column_1_2 1_2 fusion-flex-column fusion-no-small-visibility fusion-no-medium-visibility\" style=\"--awb-padding-right:18px;--awb-bg-size:cover;--awb-border-color:#efefef;--awb-border-top:0;--awb-border-right:2px;--awb-border-bottom:0;--awb-border-left:0;--awb-border-style:solid;--awb-width-large:50%;--awb-margin-top-large:0px;--awb-spacing-right-large:0.96%;--awb-margin-bottom-large:20px;--awb-spacing-left-large:3.84%;--awb-width-medium:100%;--awb-order-medium:0;--awb-spacing-right-medium:1.92%;--awb-spacing-left-medium:1.92%;--awb-width-small:100%;--awb-order-small:0;--awb-spacing-right-small:1.92%;--awb-spacing-left-small:1.92%;\"><div class=\"fusion-column-wrapper fusion-column-has-shadow fusion-flex-justify-content-flex-start fusion-content-layout-column\"><div class=\"fusion-text fusion-text-14\"><p><b>Los asesores laborales apoyan a los clientes con:<\/b><\/p>\n<p style=\"background-color: rgba(0, 0, 0, 0);\">\n<ul>\n<li>\n<p style=\"background-color: rgba(0, 0, 0, 0); display: inline !important;\">Solicitudes de empleo y elaboraci\u00f3n de curr\u00edculums<\/p>\n<\/li>\n<li>Preparaci\u00f3n para entrevistas y expectativas del empleador<\/li>\n<li>Orientaci\u00f3n previa al empleo<\/li>\n<li>Colocaci\u00f3n laboral y seguimiento<\/li>\n<\/ul>\n<ul>\n<\/ul>\n<\/div><\/div><\/div><div class=\"fusion-layout-column fusion_builder_column fusion-builder-column-11 fusion_builder_column_1_2 1_2 fusion-flex-column fusion-no-large-visibility\" style=\"--awb-padding-right:18px;--awb-bg-size:cover;--awb-border-color:var(--awb-custom14);--awb-border-top:0;--awb-border-right:0;--awb-border-bottom:0;--awb-border-left:0;--awb-border-style:solid;--awb-width-large:50%;--awb-margin-top-large:0px;--awb-spacing-right-large:0.96%;--awb-margin-bottom-large:20px;--awb-spacing-left-large:3.84%;--awb-width-medium:100%;--awb-order-medium:0;--awb-spacing-right-medium:1.92%;--awb-spacing-left-medium:1.92%;--awb-width-small:100%;--awb-order-small:0;--awb-spacing-right-small:1.92%;--awb-spacing-left-small:1.92%;\"><div class=\"fusion-column-wrapper fusion-column-has-shadow fusion-flex-justify-content-flex-start fusion-content-layout-column\"><div class=\"fusion-text fusion-text-15\"><p><b>Job counselors work closely with clients to assist them in:<\/b><\/p>\n<ul>\n<li>Filling out job applications and resume building<\/li>\n<li>Preparing for interviews and understanding employer expectations<\/li>\n<li>Pre-employment orientation<\/li>\n<li>Job placement and follow-up support<\/li>\n<\/ul>\n<\/div><\/div><\/div><div class=\"fusion-layout-column fusion_builder_column fusion-builder-column-12 fusion_builder_column_1_2 1_2 fusion-flex-column\" style=\"--awb-bg-size:cover;--awb-border-color:var(--awb-custom13);--awb-border-style:solid;--awb-width-large:50%;--awb-margin-top-large:0px;--awb-spacing-right-large:3.84%;--awb-margin-bottom-large:20px;--awb-spacing-left-large:3.84%;--awb-width-medium:100%;--awb-order-medium:0;--awb-spacing-right-medium:1.92%;--awb-spacing-left-medium:1.92%;--awb-width-small:100%;--awb-order-small:0;--awb-spacing-right-small:1.92%;--awb-spacing-left-small:1.92%;\"><div class=\"fusion-column-wrapper fusion-column-has-shadow fusion-flex-justify-content-flex-start fusion-content-layout-column\"><div class=\"fusion-text fusion-text-16\"><p><b>Empresas donde clientes anteriores han sido colocados:<\/b><\/p>\n<p style=\"background-color: rgba(0, 0, 0, 0);\">\n<ul>\n<li>\n<p style=\"background-color: rgba(0, 0, 0, 0); display: inline !important;\">Luke Community United Methodist Church<\/p>\n<\/li>\n<li>DeSoto Nursing and Rehab Center<\/li>\n<li>Dallas Cowboys<\/li>\n<li>Lyft<\/li>\n<\/ul>\n<ul>\n<\/ul>\n<\/div><\/div><\/div><div class=\"fusion-layout-column fusion_builder_column fusion-builder-column-13 fusion_builder_column_1_1 1_1 fusion-flex-column\" style=\"--awb-bg-size:cover;--awb-width-large:100%;--awb-margin-top-large:0px;--awb-spacing-right-large:1.92%;--awb-margin-bottom-large:20px;--awb-spacing-left-large:1.92%;--awb-width-medium:100%;--awb-order-medium:0;--awb-spacing-right-medium:1.92%;--awb-spacing-left-medium:1.92%;--awb-width-small:100%;--awb-order-small:0;--awb-spacing-right-small:1.92%;--awb-spacing-left-small:1.92%;\"><div class=\"fusion-column-wrapper fusion-column-has-shadow fusion-flex-justify-content-flex-start fusion-content-layout-column\"><div class=\"fusion-title title fusion-title-14 fusion-sep-none fusion-title-text fusion-title-size-five\" style=\"--awb-text-color:var(--awb-custom13);--awb-margin-top-small:10px;--awb-margin-right-small:0px;--awb-margin-bottom-small:10px;--awb-margin-left-small:0px;\"><h5 class=\"fusion-title-heading title-heading-left fusion-responsive-typography-calculated\" style=\"margin:0;--fontSize:24;--minFontSize:24;line-height:1.4;\">Oportunidades y Recursos<\/h5><\/div><div class=\"fusion-text fusion-text-17\"><p>Evaluamos a los clientes para identificar programas de capacitaci\u00f3n que se adapten a su horario, necesidades de ingresos y metas personales. Tambi\u00e9n guiamos a los clientes durante el proceso de solicitud. Muchos de nuestros programas est\u00e1n disponibles mediante alianzas con el Distrito de Colegios Comunitarios del Condado de Dallas y la mayor\u00eda son gratuitos o de bajo costo.<\/p>\n<\/div><\/div><\/div><div class=\"fusion-layout-column fusion_builder_column fusion-builder-column-14 fusion_builder_column_1_4 1_4 fusion-flex-column\" style=\"--awb-bg-size:cover;--awb-width-large:25%;--awb-margin-top-large:0px;--awb-spacing-right-large:7.68%;--awb-margin-bottom-large:20px;--awb-spacing-left-large:7.68%;--awb-width-medium:25%;--awb-order-medium:0;--awb-spacing-right-medium:7.68%;--awb-spacing-left-medium:7.68%;--awb-width-small:100%;--awb-order-small:0;--awb-spacing-right-small:1.92%;--awb-spacing-left-small:1.92%;\"><div class=\"fusion-column-wrapper fusion-column-has-shadow fusion-flex-justify-content-flex-start fusion-content-layout-column\"><div style=\"text-align:center;\"><a class=\"fusion-button button-flat fusion-button-default-size button-orange fusion-button-orange button-4 fusion-button-span-yes fusion-button-default-type\" target=\"_blank\" rel=\"noopener noreferrer\" href=\"https:\/\/forms.office.com\/pages\/responsepage.aspx?id=iw8LCOoW2UadYostNP929nhZ7MjJ-IdHnJ6q42Bv3FFUMlk5OEI4UFpZWUc5RUg2QlhVR0I1Q1BQQS4u\"><span class=\"fusion-button-text awb-button__text awb-button__text--default\">Comenzar<\/span><\/a><\/div><\/div><\/div><\/div><\/div><\/div><\/p>\n","protected":false},"excerpt":{"rendered":"","protected":false},"author":903,"featured_media":0,"parent":0,"menu_order":2,"comment_status":"closed","ping_status":"closed","template":"100-width.php","meta":{"_acf_changed":false,"content-type":"","_price":"","_stock":"","_tribe_ticket_header":"","_tribe_default_ticket_provider":"","_tribe_ticket_capacity":"0","_ticket_start_date":"","_ticket_end_date":"","_tribe_ticket_show_description":"","_tribe_ticket_show_not_going":false,"_tribe_ticket_use_global_stock":"","_tribe_ticket_global_stock_level":"","_global_stock_mode":"","_global_stock_cap":"","_tribe_rsvp_for_event":"","_tribe_ticket_going_count":"","_tribe_ticket_not_going_count":"","_tribe_tickets_list":"[]","_tribe_ticket_has_attendee_info_fields":false,"footnotes":"","_tec_slr_enabled":"","_tec_slr_layout":""},"locations":[],"class_list":["post-67587","page","type-page","status-publish","hentry"],"acf":[],"yoast_head":"<!-- This site is optimized with the Yoast SEO plugin v27.4 - https:\/\/yoast.com\/product\/yoast-seo-wordpress\/ -->\n<title>Academia de Riqueza Next Gen - Catholic Charities Dallas<\/title>\n<meta name=\"robots\" content=\"index, follow, max-snippet:-1, max-image-preview:large, max-video-preview:-1\" \/>\n<link rel=\"canonical\" href=\"https:\/\/www.ccdallas.org\/es\/academia-de-riqueza-next-gen\/\" \/>\n<meta property=\"og:locale\" content=\"es_ES\" \/>\n<meta property=\"og:type\" content=\"article\" \/>\n<meta property=\"og:title\" content=\"Academia de Riqueza Next Gen - Catholic Charities Dallas\" \/>\n<meta property=\"og:url\" content=\"https:\/\/www.ccdallas.org\/es\/academia-de-riqueza-next-gen\/\" \/>\n<meta property=\"og:site_name\" content=\"Catholic Charities Dallas\" \/>\n<meta property=\"article:publisher\" content=\"https:\/\/www.facebook.com\/catholiccharitiesdallas\" \/>\n<meta property=\"article:modified_time\" content=\"2026-04-28T13:26:21+00:00\" \/>\n<meta name=\"twitter:card\" content=\"summary_large_image\" \/>\n<meta name=\"twitter:site\" content=\"@CCofDallas\" \/>\n<script type=\"application\/ld+json\" class=\"yoast-schema-graph\">{\"@context\":\"https:\\\/\\\/schema.org\",\"@graph\":[{\"@type\":\"WebPage\",\"@id\":\"https:\\\/\\\/www.ccdallas.org\\\/es\\\/academia-de-riqueza-next-gen\\\/\",\"url\":\"https:\\\/\\\/www.ccdallas.org\\\/es\\\/academia-de-riqueza-next-gen\\\/\",\"name\":\"Academia de Riqueza Next Gen - Catholic Charities Dallas\",\"isPartOf\":{\"@id\":\"https:\\\/\\\/www.ccdallas.org\\\/es\\\/#website\"},\"datePublished\":\"2026-04-20T16:33:22+00:00\",\"dateModified\":\"2026-04-28T13:26:21+00:00\",\"breadcrumb\":{\"@id\":\"https:\\\/\\\/www.ccdallas.org\\\/es\\\/academia-de-riqueza-next-gen\\\/#breadcrumb\"},\"inLanguage\":\"es\",\"potentialAction\":[{\"@type\":\"ReadAction\",\"target\":[\"https:\\\/\\\/www.ccdallas.org\\\/es\\\/academia-de-riqueza-next-gen\\\/\"]}]},{\"@type\":\"BreadcrumbList\",\"@id\":\"https:\\\/\\\/www.ccdallas.org\\\/es\\\/academia-de-riqueza-next-gen\\\/#breadcrumb\",\"itemListElement\":[{\"@type\":\"ListItem\",\"position\":1,\"name\":\"Home\",\"item\":\"https:\\\/\\\/www.ccdallas.org\\\/es\\\/\"},{\"@type\":\"ListItem\",\"position\":2,\"name\":\"Academia de Riqueza Next Gen\"}]},{\"@type\":\"WebSite\",\"@id\":\"https:\\\/\\\/www.ccdallas.org\\\/es\\\/#website\",\"url\":\"https:\\\/\\\/www.ccdallas.org\\\/es\\\/\",\"name\":\"Catholic Charities Dallas\",\"description\":\"The Right Call For All in Need\",\"publisher\":{\"@id\":\"https:\\\/\\\/www.ccdallas.org\\\/es\\\/#organization\"},\"potentialAction\":[{\"@type\":\"SearchAction\",\"target\":{\"@type\":\"EntryPoint\",\"urlTemplate\":\"https:\\\/\\\/www.ccdallas.org\\\/es\\\/?s={search_term_string}\"},\"query-input\":{\"@type\":\"PropertyValueSpecification\",\"valueRequired\":true,\"valueName\":\"search_term_string\"}}],\"inLanguage\":\"es\"},{\"@type\":\"Organization\",\"@id\":\"https:\\\/\\\/www.ccdallas.org\\\/es\\\/#organization\",\"name\":\"Catholic Charities Dallas\",\"url\":\"https:\\\/\\\/www.ccdallas.org\\\/es\\\/\",\"logo\":{\"@type\":\"ImageObject\",\"inLanguage\":\"es\",\"@id\":\"https:\\\/\\\/www.ccdallas.org\\\/es\\\/#\\\/schema\\\/logo\\\/image\\\/\",\"url\":\"https:\\\/\\\/www.ccdallas.org\\\/wp-content\\\/uploads\\\/2026\\\/03\\\/ccd-logo-2026.png\",\"contentUrl\":\"https:\\\/\\\/www.ccdallas.org\\\/wp-content\\\/uploads\\\/2026\\\/03\\\/ccd-logo-2026.png\",\"width\":1292,\"height\":850,\"caption\":\"Catholic Charities Dallas\"},\"image\":{\"@id\":\"https:\\\/\\\/www.ccdallas.org\\\/es\\\/#\\\/schema\\\/logo\\\/image\\\/\"},\"sameAs\":[\"https:\\\/\\\/www.facebook.com\\\/catholiccharitiesdallas\",\"https:\\\/\\\/x.com\\\/CCofDallas\",\"https:\\\/\\\/www.instagram.com\\\/catholiccharitiesdallas\",\"https:\\\/\\\/www.linkedin.com\\\/company\\\/catholic-charities-of-dallas-inc-\\\/\"]}]}<\/script>\n<!-- \/ Yoast SEO plugin. -->","yoast_head_json":{"title":"Academia de Riqueza Next Gen - Catholic Charities Dallas","robots":{"index":"index","follow":"follow","max-snippet":"max-snippet:-1","max-image-preview":"max-image-preview:large","max-video-preview":"max-video-preview:-1"},"canonical":"https:\/\/www.ccdallas.org\/es\/academia-de-riqueza-next-gen\/","og_locale":"es_ES","og_type":"article","og_title":"Academia de Riqueza Next Gen - Catholic Charities Dallas","og_url":"https:\/\/www.ccdallas.org\/es\/academia-de-riqueza-next-gen\/","og_site_name":"Catholic Charities Dallas","article_publisher":"https:\/\/www.facebook.com\/catholiccharitiesdallas","article_modified_time":"2026-04-28T13:26:21+00:00","twitter_card":"summary_large_image","twitter_site":"@CCofDallas","schema":{"@context":"https:\/\/schema.org","@graph":[{"@type":"WebPage","@id":"https:\/\/www.ccdallas.org\/es\/academia-de-riqueza-next-gen\/","url":"https:\/\/www.ccdallas.org\/es\/academia-de-riqueza-next-gen\/","name":"Academia de Riqueza Next Gen - Catholic Charities Dallas","isPartOf":{"@id":"https:\/\/www.ccdallas.org\/es\/#website"},"datePublished":"2026-04-20T16:33:22+00:00","dateModified":"2026-04-28T13:26:21+00:00","breadcrumb":{"@id":"https:\/\/www.ccdallas.org\/es\/academia-de-riqueza-next-gen\/#breadcrumb"},"inLanguage":"es","potentialAction":[{"@type":"ReadAction","target":["https:\/\/www.ccdallas.org\/es\/academia-de-riqueza-next-gen\/"]}]},{"@type":"BreadcrumbList","@id":"https:\/\/www.ccdallas.org\/es\/academia-de-riqueza-next-gen\/#breadcrumb","itemListElement":[{"@type":"ListItem","position":1,"name":"Home","item":"https:\/\/www.ccdallas.org\/es\/"},{"@type":"ListItem","position":2,"name":"Academia de Riqueza Next Gen"}]},{"@type":"WebSite","@id":"https:\/\/www.ccdallas.org\/es\/#website","url":"https:\/\/www.ccdallas.org\/es\/","name":"Catholic Charities Dallas","description":"The Right Call For All in Need","publisher":{"@id":"https:\/\/www.ccdallas.org\/es\/#organization"},"potentialAction":[{"@type":"SearchAction","target":{"@type":"EntryPoint","urlTemplate":"https:\/\/www.ccdallas.org\/es\/?s={search_term_string}"},"query-input":{"@type":"PropertyValueSpecification","valueRequired":true,"valueName":"search_term_string"}}],"inLanguage":"es"},{"@type":"Organization","@id":"https:\/\/www.ccdallas.org\/es\/#organization","name":"Catholic Charities Dallas","url":"https:\/\/www.ccdallas.org\/es\/","logo":{"@type":"ImageObject","inLanguage":"es","@id":"https:\/\/www.ccdallas.org\/es\/#\/schema\/logo\/image\/","url":"https:\/\/www.ccdallas.org\/wp-content\/uploads\/2026\/03\/ccd-logo-2026.png","contentUrl":"https:\/\/www.ccdallas.org\/wp-content\/uploads\/2026\/03\/ccd-logo-2026.png","width":1292,"height":850,"caption":"Catholic Charities Dallas"},"image":{"@id":"https:\/\/www.ccdallas.org\/es\/#\/schema\/logo\/image\/"},"sameAs":["https:\/\/www.facebook.com\/catholiccharitiesdallas","https:\/\/x.com\/CCofDallas","https:\/\/www.instagram.com\/catholiccharitiesdallas","https:\/\/www.linkedin.com\/company\/catholic-charities-of-dallas-inc-\/"]}]}},"ticketed":false,"_links":{"self":[{"href":"https:\/\/www.ccdallas.org\/es\/wp-json\/wp\/v2\/pages\/67587","targetHints":{"allow":["GET"]}}],"collection":[{"href":"https:\/\/www.ccdallas.org\/es\/wp-json\/wp\/v2\/pages"}],"about":[{"href":"https:\/\/www.ccdallas.org\/es\/wp-json\/wp\/v2\/types\/page"}],"author":[{"embeddable":true,"href":"https:\/\/www.ccdallas.org\/es\/wp-json\/wp\/v2\/users\/903"}],"replies":[{"embeddable":true,"href":"https:\/\/www.ccdallas.org\/es\/wp-json\/wp\/v2\/comments?post=67587"}],"version-history":[{"count":4,"href":"https:\/\/www.ccdallas.org\/es\/wp-json\/wp\/v2\/pages\/67587\/revisions"}],"predecessor-version":[{"id":69015,"href":"https:\/\/www.ccdallas.org\/es\/wp-json\/wp\/v2\/pages\/67587\/revisions\/69015"}],"wp:attachment":[{"href":"https:\/\/www.ccdallas.org\/es\/wp-json\/wp\/v2\/media?parent=67587"}],"wp:term":[{"taxonomy":"locations","embeddable":true,"href":"https:\/\/www.ccdallas.org\/es\/wp-json\/wp\/v2\/locations?post=67587"}],"curies":[{"name":"wp","href":"https:\/\/api.w.org\/{rel}","templated":true}]}}