{"id":68450,"date":"2026-04-24T09:28:54","date_gmt":"2026-04-24T14:28:54","guid":{"rendered":"https:\/\/www.ccdallas.org\/?page_id=68450"},"modified":"2026-04-24T09:34:09","modified_gmt":"2026-04-24T14:34:09","slug":"acerca-de-ccd","status":"publish","type":"page","link":"https:\/\/www.ccdallas.org\/es\/acerca-de-ccd\/","title":{"rendered":"Acerca de CCD"},"content":{"rendered":"<div class=\"fusion-fullwidth fullwidth-box fusion-builder-row-1 nonhundred-percent-fullwidth non-hundred-percent-height-scrolling\" style=\"--awb-border-radius-top-left:0px;--awb-border-radius-top-right:0px;--awb-border-radius-bottom-right:0px;--awb-border-radius-bottom-left:0px;--awb-padding-bottom:0px;--awb-margin-bottom:0px;--awb-flex-wrap:wrap;\" ><div class=\"fusion-builder-row fusion-row\"><div class=\"fusion-layout-column fusion_builder_column fusion-builder-column-0 fusion_builder_column_1_1 1_1 fusion-one-full fusion-column-first fusion-column-last\" style=\"--awb-bg-blend:overlay;--awb-bg-size:cover;--awb-margin-bottom:0px;\"><div class=\"fusion-column-wrapper fusion-flex-column-wrapper-legacy\"><div class=\"fusion-text fusion-text-1\"><h1 class=\"\" style=\"--fontsize: 50; line-height: 1.16;\" data-fontsize=\"50\" data-lineheight=\"58px\">Acerca de Catholic Charities Dallas<\/h1>\n<\/div><div class=\"fusion-image-element in-legacy-container\" style=\"--awb-caption-title-font-family:var(--h2_typography-font-family);--awb-caption-title-font-weight:var(--h2_typography-font-weight);--awb-caption-title-font-style:var(--h2_typography-font-style);--awb-caption-title-size:var(--h2_typography-font-size);--awb-caption-title-transform:var(--h2_typography-text-transform);--awb-caption-title-line-height:var(--h2_typography-line-height);--awb-caption-title-letter-spacing:var(--h2_typography-letter-spacing);\"><span class=\" fusion-imageframe imageframe-none imageframe-1 hover-type-none\"><img decoding=\"async\" width=\"2560\" height=\"1184\" title=\"All Staff Day photo 2\" src=\"https:\/\/www.ccdallas.org\/wp-content\/uploads\/2022\/07\/All-Staff-Day-photo-2-scaled.jpg\" data-orig-src=\"https:\/\/www.ccdallas.org\/wp-content\/uploads\/2022\/07\/All-Staff-Day-photo-2-scaled.jpg\" alt class=\"lazyload img-responsive wp-image-29583\" srcset=\"data:image\/svg+xml,%3Csvg%20xmlns%3D%27http%3A%2F%2Fwww.w3.org%2F2000%2Fsvg%27%20width%3D%272560%27%20height%3D%271184%27%20viewBox%3D%270%200%202560%201184%27%3E%3Crect%20width%3D%272560%27%20height%3D%271184%27%20fill-opacity%3D%220%22%2F%3E%3C%2Fsvg%3E\" data-srcset=\"https:\/\/www.ccdallas.org\/wp-content\/uploads\/2022\/07\/All-Staff-Day-photo-2-200x92.jpg 200w, https:\/\/www.ccdallas.org\/wp-content\/uploads\/2022\/07\/All-Staff-Day-photo-2-400x185.jpg 400w, https:\/\/www.ccdallas.org\/wp-content\/uploads\/2022\/07\/All-Staff-Day-photo-2-600x277.jpg 600w, https:\/\/www.ccdallas.org\/wp-content\/uploads\/2022\/07\/All-Staff-Day-photo-2-800x370.jpg 800w, https:\/\/www.ccdallas.org\/wp-content\/uploads\/2022\/07\/All-Staff-Day-photo-2-1200x555.jpg 1200w, https:\/\/www.ccdallas.org\/wp-content\/uploads\/2022\/07\/All-Staff-Day-photo-2-scaled.jpg 2560w\" data-sizes=\"auto\" data-orig-sizes=\"(max-width: 800px) 100vw, 2560px\" \/><\/span><\/div><div class=\"fusion-text fusion-text-2 fusion-text-no-margin\" style=\"--awb-margin-top:25px;--awb-margin-bottom:25px;\"><p>En <b>Catholic Charities Dallas<\/b>, creemos en acompa\u00f1ar a nuestros vecinos con compasi\u00f3n, dignidad y esperanza. El a\u00f1o pasado, servimos a m\u00e1s de <b>212,000 personas y familias<\/b> en nueve condados del norte de Texas a trav\u00e9s de <b>casi 40 programas<\/b> individuales que abordan necesidades urgentes y generan cambios duraderos.<\/p>\n<p>Ya sea alimentando a quienes padecen hambre, brindando refugio a personas sin hogar, dando la bienvenida a quienes llegan como extranjeros o empoderando a la pr\u00f3xima generaci\u00f3n, nuestro trabajo est\u00e1 arraigado en la Doctrina Social Cat\u00f3lica, gui\u00e1ndonos a servir a nuestros vecinos en momentos de necesidad. Damos la bienvenida a todas las personas, sin importar su fe o trasfondo, y seguimos comprometidos con nuestro prop\u00f3sito: <b>servir hasta que se resuelva<\/b>.<\/p>\n<p><b>Catholic Charities Dallas fue establecida formalmente en 1941<\/b> e <b>incorporada de la Di\u00f3cesis Cat\u00f3lica de Dallas en 1997<\/b>, continuando un legado de servicio impulsado por la fe que se extiende a lo largo de generaciones.<\/p>\n<p>Junto con nuestros voluntarios, donantes y socios, estamos construyendo una comunidad m\u00e1s fuerte y resiliente, donde cada persona tenga la oportunidad de prosperar.<\/p>\n<\/div><div class=\"fusion-builder-row fusion-builder-row-inner fusion-row\"><div class=\"fusion-layout-column fusion_builder_column_inner fusion-builder-nested-column-0 fusion_builder_column_inner_1_3 1_3 fusion-one-third fusion-column-first\" style=\"--awb-bg-size:cover;width:33.3333333333%;width:calc(33.3333333333% - ( ( 4% + 4% ) * 0.333333333333 ) );margin-right: 4%;\"><div class=\"fusion-column-wrapper fusion-column-has-shadow fusion-flex-column-wrapper-legacy\"><div class=\"fusion-button-wrapper fusion-aligncenter\"><a class=\"fusion-button button-flat button-xlarge button-orange fusion-button-orange button-1 fusion-button-default-span fusion-button-default-type\" target=\"_self\" href=\"https:\/\/ccdallas.galaxydigital.com\/\"><span class=\"fusion-button-text awb-button__text awb-button__text--default\">Sea voluntario<\/span><\/a><\/div><div class=\"fusion-clearfix\"><\/div><\/div><\/div><div class=\"fusion-layout-column fusion_builder_column_inner fusion-builder-nested-column-1 fusion_builder_column_inner_1_3 1_3 fusion-one-third\" style=\"--awb-bg-size:cover;width:33.3333333333%;width:calc(33.3333333333% - ( ( 4% + 4% ) * 0.333333333333 ) );margin-right: 4%;\"><div class=\"fusion-column-wrapper fusion-column-has-shadow fusion-flex-column-wrapper-legacy\"><div class=\"fusion-button-wrapper fusion-aligncenter\"><a class=\"fusion-button button-flat button-xlarge button-orange fusion-button-orange button-2 fusion-button-default-span fusion-button-default-type\" target=\"_self\" href=\"\/donate\/\"><span class=\"fusion-button-text awb-button__text awb-button__text--default\"> Donar<\/span><\/a><\/div><div class=\"fusion-clearfix\"><\/div><\/div><\/div><div class=\"fusion-layout-column fusion_builder_column_inner fusion-builder-nested-column-2 fusion_builder_column_inner_1_3 1_3 fusion-one-third fusion-column-last\" style=\"--awb-bg-size:cover;width:33.3333333333%;width:calc(33.3333333333% - ( ( 4% + 4% ) * 0.333333333333 ) );\"><div class=\"fusion-column-wrapper fusion-column-has-shadow fusion-flex-column-wrapper-legacy\"><div class=\"fusion-button-wrapper fusion-aligncenter\"><a class=\"fusion-button button-flat button-xlarge button-orange fusion-button-orange button-3 fusion-button-default-span fusion-button-default-type\" target=\"_self\" href=\"\/about-ccd\/careers\/\"><span class=\"fusion-button-text awb-button__text awb-button__text--default\">Carreras<\/span><\/a><\/div><div class=\"fusion-clearfix\"><\/div><\/div><\/div><\/div><div class=\"fusion-clearfix\"><\/div><\/div><\/div><\/div><\/div>\n","protected":false},"excerpt":{"rendered":"","protected":false},"author":903,"featured_media":0,"parent":0,"menu_order":4,"comment_status":"closed","ping_status":"closed","template":"","meta":{"_acf_changed":false,"content-type":"","_price":"","_stock":"","_tribe_ticket_header":"","_tribe_default_ticket_provider":"","_tribe_ticket_capacity":"0","_ticket_start_date":"","_ticket_end_date":"","_tribe_ticket_show_description":"","_tribe_ticket_show_not_going":false,"_tribe_ticket_use_global_stock":"","_tribe_ticket_global_stock_level":"","_global_stock_mode":"","_global_stock_cap":"","_tribe_rsvp_for_event":"","_tribe_ticket_going_count":"","_tribe_ticket_not_going_count":"","_tribe_tickets_list":"[]","_tribe_ticket_has_attendee_info_fields":false,"footnotes":"","_tec_slr_enabled":"","_tec_slr_layout":""},"locations":[],"class_list":["post-68450","page","type-page","status-publish","hentry"],"acf":[],"yoast_head":"<!-- This site is optimized with the Yoast SEO plugin v27.4 - https:\/\/yoast.com\/product\/yoast-seo-wordpress\/ -->\n<title>Acerca de CCD - Catholic Charities Dallas<\/title>\n<meta name=\"robots\" content=\"index, follow, max-snippet:-1, max-image-preview:large, max-video-preview:-1\" \/>\n<link rel=\"canonical\" href=\"https:\/\/www.ccdallas.org\/es\/acerca-de-ccd\/\" \/>\n<meta property=\"og:locale\" content=\"es_ES\" \/>\n<meta property=\"og:type\" content=\"article\" \/>\n<meta property=\"og:title\" content=\"Acerca de CCD - Catholic Charities Dallas\" \/>\n<meta property=\"og:url\" content=\"https:\/\/www.ccdallas.org\/es\/acerca-de-ccd\/\" \/>\n<meta property=\"og:site_name\" content=\"Catholic Charities Dallas\" \/>\n<meta property=\"article:publisher\" content=\"https:\/\/www.facebook.com\/catholiccharitiesdallas\" \/>\n<meta property=\"article:modified_time\" content=\"2026-04-24T14:34:09+00:00\" \/>\n<meta name=\"twitter:card\" content=\"summary_large_image\" \/>\n<meta name=\"twitter:site\" content=\"@CCofDallas\" \/>\n<script type=\"application\/ld+json\" class=\"yoast-schema-graph\">{\"@context\":\"https:\\\/\\\/schema.org\",\"@graph\":[{\"@type\":\"WebPage\",\"@id\":\"https:\\\/\\\/www.ccdallas.org\\\/es\\\/acerca-de-ccd\\\/\",\"url\":\"https:\\\/\\\/www.ccdallas.org\\\/es\\\/acerca-de-ccd\\\/\",\"name\":\"Acerca de CCD - Catholic Charities Dallas\",\"isPartOf\":{\"@id\":\"https:\\\/\\\/www.ccdallas.org\\\/es\\\/#website\"},\"datePublished\":\"2026-04-24T14:28:54+00:00\",\"dateModified\":\"2026-04-24T14:34:09+00:00\",\"breadcrumb\":{\"@id\":\"https:\\\/\\\/www.ccdallas.org\\\/es\\\/acerca-de-ccd\\\/#breadcrumb\"},\"inLanguage\":\"es\",\"potentialAction\":[{\"@type\":\"ReadAction\",\"target\":[\"https:\\\/\\\/www.ccdallas.org\\\/es\\\/acerca-de-ccd\\\/\"]}]},{\"@type\":\"BreadcrumbList\",\"@id\":\"https:\\\/\\\/www.ccdallas.org\\\/es\\\/acerca-de-ccd\\\/#breadcrumb\",\"itemListElement\":[{\"@type\":\"ListItem\",\"position\":1,\"name\":\"Home\",\"item\":\"https:\\\/\\\/www.ccdallas.org\\\/es\\\/\"},{\"@type\":\"ListItem\",\"position\":2,\"name\":\"Acerca de CCD\"}]},{\"@type\":\"WebSite\",\"@id\":\"https:\\\/\\\/www.ccdallas.org\\\/es\\\/#website\",\"url\":\"https:\\\/\\\/www.ccdallas.org\\\/es\\\/\",\"name\":\"Catholic Charities Dallas\",\"description\":\"The Right Call For All in Need\",\"publisher\":{\"@id\":\"https:\\\/\\\/www.ccdallas.org\\\/es\\\/#organization\"},\"potentialAction\":[{\"@type\":\"SearchAction\",\"target\":{\"@type\":\"EntryPoint\",\"urlTemplate\":\"https:\\\/\\\/www.ccdallas.org\\\/es\\\/?s={search_term_string}\"},\"query-input\":{\"@type\":\"PropertyValueSpecification\",\"valueRequired\":true,\"valueName\":\"search_term_string\"}}],\"inLanguage\":\"es\"},{\"@type\":\"Organization\",\"@id\":\"https:\\\/\\\/www.ccdallas.org\\\/es\\\/#organization\",\"name\":\"Catholic Charities Dallas\",\"url\":\"https:\\\/\\\/www.ccdallas.org\\\/es\\\/\",\"logo\":{\"@type\":\"ImageObject\",\"inLanguage\":\"es\",\"@id\":\"https:\\\/\\\/www.ccdallas.org\\\/es\\\/#\\\/schema\\\/logo\\\/image\\\/\",\"url\":\"https:\\\/\\\/www.ccdallas.org\\\/wp-content\\\/uploads\\\/2026\\\/03\\\/ccd-logo-2026.png\",\"contentUrl\":\"https:\\\/\\\/www.ccdallas.org\\\/wp-content\\\/uploads\\\/2026\\\/03\\\/ccd-logo-2026.png\",\"width\":1292,\"height\":850,\"caption\":\"Catholic Charities Dallas\"},\"image\":{\"@id\":\"https:\\\/\\\/www.ccdallas.org\\\/es\\\/#\\\/schema\\\/logo\\\/image\\\/\"},\"sameAs\":[\"https:\\\/\\\/www.facebook.com\\\/catholiccharitiesdallas\",\"https:\\\/\\\/x.com\\\/CCofDallas\",\"https:\\\/\\\/www.instagram.com\\\/catholiccharitiesdallas\",\"https:\\\/\\\/www.linkedin.com\\\/company\\\/catholic-charities-of-dallas-inc-\\\/\"]}]}<\/script>\n<!-- \/ Yoast SEO plugin. -->","yoast_head_json":{"title":"Acerca de CCD - Catholic Charities Dallas","robots":{"index":"index","follow":"follow","max-snippet":"max-snippet:-1","max-image-preview":"max-image-preview:large","max-video-preview":"max-video-preview:-1"},"canonical":"https:\/\/www.ccdallas.org\/es\/acerca-de-ccd\/","og_locale":"es_ES","og_type":"article","og_title":"Acerca de CCD - Catholic Charities Dallas","og_url":"https:\/\/www.ccdallas.org\/es\/acerca-de-ccd\/","og_site_name":"Catholic Charities Dallas","article_publisher":"https:\/\/www.facebook.com\/catholiccharitiesdallas","article_modified_time":"2026-04-24T14:34:09+00:00","twitter_card":"summary_large_image","twitter_site":"@CCofDallas","schema":{"@context":"https:\/\/schema.org","@graph":[{"@type":"WebPage","@id":"https:\/\/www.ccdallas.org\/es\/acerca-de-ccd\/","url":"https:\/\/www.ccdallas.org\/es\/acerca-de-ccd\/","name":"Acerca de CCD - Catholic Charities Dallas","isPartOf":{"@id":"https:\/\/www.ccdallas.org\/es\/#website"},"datePublished":"2026-04-24T14:28:54+00:00","dateModified":"2026-04-24T14:34:09+00:00","breadcrumb":{"@id":"https:\/\/www.ccdallas.org\/es\/acerca-de-ccd\/#breadcrumb"},"inLanguage":"es","potentialAction":[{"@type":"ReadAction","target":["https:\/\/www.ccdallas.org\/es\/acerca-de-ccd\/"]}]},{"@type":"BreadcrumbList","@id":"https:\/\/www.ccdallas.org\/es\/acerca-de-ccd\/#breadcrumb","itemListElement":[{"@type":"ListItem","position":1,"name":"Home","item":"https:\/\/www.ccdallas.org\/es\/"},{"@type":"ListItem","position":2,"name":"Acerca de CCD"}]},{"@type":"WebSite","@id":"https:\/\/www.ccdallas.org\/es\/#website","url":"https:\/\/www.ccdallas.org\/es\/","name":"Catholic Charities Dallas","description":"The Right Call For All in Need","publisher":{"@id":"https:\/\/www.ccdallas.org\/es\/#organization"},"potentialAction":[{"@type":"SearchAction","target":{"@type":"EntryPoint","urlTemplate":"https:\/\/www.ccdallas.org\/es\/?s={search_term_string}"},"query-input":{"@type":"PropertyValueSpecification","valueRequired":true,"valueName":"search_term_string"}}],"inLanguage":"es"},{"@type":"Organization","@id":"https:\/\/www.ccdallas.org\/es\/#organization","name":"Catholic Charities Dallas","url":"https:\/\/www.ccdallas.org\/es\/","logo":{"@type":"ImageObject","inLanguage":"es","@id":"https:\/\/www.ccdallas.org\/es\/#\/schema\/logo\/image\/","url":"https:\/\/www.ccdallas.org\/wp-content\/uploads\/2026\/03\/ccd-logo-2026.png","contentUrl":"https:\/\/www.ccdallas.org\/wp-content\/uploads\/2026\/03\/ccd-logo-2026.png","width":1292,"height":850,"caption":"Catholic Charities Dallas"},"image":{"@id":"https:\/\/www.ccdallas.org\/es\/#\/schema\/logo\/image\/"},"sameAs":["https:\/\/www.facebook.com\/catholiccharitiesdallas","https:\/\/x.com\/CCofDallas","https:\/\/www.instagram.com\/catholiccharitiesdallas","https:\/\/www.linkedin.com\/company\/catholic-charities-of-dallas-inc-\/"]}]}},"ticketed":false,"_links":{"self":[{"href":"https:\/\/www.ccdallas.org\/es\/wp-json\/wp\/v2\/pages\/68450","targetHints":{"allow":["GET"]}}],"collection":[{"href":"https:\/\/www.ccdallas.org\/es\/wp-json\/wp\/v2\/pages"}],"about":[{"href":"https:\/\/www.ccdallas.org\/es\/wp-json\/wp\/v2\/types\/page"}],"author":[{"embeddable":true,"href":"https:\/\/www.ccdallas.org\/es\/wp-json\/wp\/v2\/users\/903"}],"replies":[{"embeddable":true,"href":"https:\/\/www.ccdallas.org\/es\/wp-json\/wp\/v2\/comments?post=68450"}],"version-history":[{"count":4,"href":"https:\/\/www.ccdallas.org\/es\/wp-json\/wp\/v2\/pages\/68450\/revisions"}],"predecessor-version":[{"id":68455,"href":"https:\/\/www.ccdallas.org\/es\/wp-json\/wp\/v2\/pages\/68450\/revisions\/68455"}],"wp:attachment":[{"href":"https:\/\/www.ccdallas.org\/es\/wp-json\/wp\/v2\/media?parent=68450"}],"wp:term":[{"taxonomy":"locations","embeddable":true,"href":"https:\/\/www.ccdallas.org\/es\/wp-json\/wp\/v2\/locations?post=68450"}],"curies":[{"name":"wp","href":"https:\/\/api.w.org\/{rel}","templated":true}]}}