{"id":69088,"date":"2026-04-28T12:56:43","date_gmt":"2026-04-28T17:56:43","guid":{"rendered":"https:\/\/www.ccdallas.org\/?page_id=69088"},"modified":"2026-04-28T13:20:27","modified_gmt":"2026-04-28T18:20:27","slug":"servicios-para-refugiados","status":"publish","type":"page","link":"https:\/\/www.ccdallas.org\/es\/servicios-para-refugiados\/","title":{"rendered":"Servicios para Refugiados"},"content":{"rendered":"<p><div class=\"fusion-fullwidth fullwidth-box fusion-builder-row-1 fusion-flex-container has-pattern-background has-mask-background fusion-parallax-none nonhundred-percent-fullwidth non-hundred-percent-height-scrolling lazyload\" style=\"--awb-background-blend-mode:multiply;--awb-border-radius-top-left:0px;--awb-border-radius-top-right:0px;--awb-border-radius-bottom-right:0px;--awb-border-radius-bottom-left:0px;--awb-padding-top:68px;--awb-padding-bottom:88px;--awb-background-color:rgba(0,0,0,0.21);--awb-background-size:cover;--awb-flex-wrap:wrap;\" data-bg=\"https:\/\/www.ccdallas.org\/wp-content\/uploads\/2020\/11\/refugee-resettlement-services-scaled.jpg\" ><div class=\"fusion-builder-row fusion-row fusion-flex-align-items-center fusion-flex-justify-content-center fusion-flex-content-wrap\" style=\"max-width:1248px;margin-left: calc(-4% \/ 2 );margin-right: calc(-4% \/ 2 );\"><div class=\"fusion-layout-column fusion_builder_column fusion-builder-column-0 fusion_builder_column_3_5 3_5 fusion-flex-column\" style=\"--awb-bg-size:cover;--awb-width-large:60%;--awb-margin-top-large:0px;--awb-spacing-right-large:3.2%;--awb-margin-bottom-large:20px;--awb-spacing-left-large:3.2%;--awb-width-medium:100%;--awb-order-medium:0;--awb-spacing-right-medium:1.92%;--awb-spacing-left-medium:1.92%;--awb-width-small:100%;--awb-order-small:0;--awb-spacing-right-small:1.92%;--awb-spacing-left-small:1.92%;\"><div class=\"fusion-column-wrapper fusion-column-has-shadow fusion-flex-justify-content-flex-start fusion-content-layout-column\"><i class=\"fb-icon-element-1 fb-icon-element fontawesome-icon icon-new-ccd-iconsfamily circle-no\" style=\"--awb-font-size:41px;--awb-align-self:center;--awb-margin-top:0px;--awb-margin-right:0px;--awb-margin-bottom:1%;--awb-margin-left:0px;\"><\/i><div class=\"fusion-text fusion-text-1 fusion-text-no-margin\" style=\"--awb-content-alignment:center;--awb-text-color:var(--awb-color1);--awb-margin-bottom:0px;\"><p>Servicios para Refugiados<\/p>\n<\/div><div class=\"fusion-title title fusion-title-1 fusion-sep-none fusion-title-center fusion-title-text fusion-title-size-one\" style=\"--awb-text-color:#ffffff;--awb-margin-bottom:3%;--awb-margin-top-small:10px;--awb-margin-right-small:0px;--awb-margin-bottom-small:10px;--awb-margin-left-small:0px;\"><h1 class=\"fusion-title-heading title-heading-center fusion-responsive-typography-calculated\" style=\"margin:0;--fontSize:50;line-height:1.2;\"><span style=\"color: #ffffff;\">Dando la Bienvenida al Forastero<\/span><\/h1><\/div><div class=\"fusion-text fusion-text-2\" style=\"--awb-content-alignment:center;--awb-text-color:var(--awb-color1);\"><p>Trabajamos junto a nuestros clientes y los acompa\u00f1amos a lo largo de su proceso, proporcionando a individuos y familias reci\u00e9n llegadas los servicios y oportunidades necesarios para alcanzar su m\u00e1ximo potencial aqu\u00ed en los Estados Unidos.<\/p>\n<\/div><\/div><\/div><\/div><\/div><div class=\"fusion-fullwidth fullwidth-box fusion-builder-row-2 fusion-flex-container has-pattern-background has-mask-background nonhundred-percent-fullwidth non-hundred-percent-height-scrolling\" style=\"--awb-border-radius-top-left:0px;--awb-border-radius-top-right:0px;--awb-border-radius-bottom-right:0px;--awb-border-radius-bottom-left:0px;--awb-padding-top:0px;--awb-padding-right-medium:39px;--awb-padding-left-medium:39px;--awb-margin-top:0px;--awb-flex-wrap:wrap;\" ><div class=\"fusion-builder-row fusion-row fusion-flex-align-items-flex-start fusion-flex-content-wrap\" style=\"max-width:1248px;margin-left: calc(-4% \/ 2 );margin-right: calc(-4% \/ 2 );\"><div class=\"fusion-layout-column fusion_builder_column fusion-builder-column-1 fusion_builder_column_1_1 1_1 fusion-flex-column\" style=\"--awb-padding-top:23px;--awb-padding-right:30px;--awb-padding-bottom:23px;--awb-padding-left:30px;--awb-bg-color:rgba(249,249,251,0);--awb-bg-color-hover:rgba(249,249,251,0);--awb-bg-size:cover;--awb-width-large:100%;--awb-margin-top-large:23px;--awb-spacing-right-large:0%;--awb-margin-bottom-large:20px;--awb-spacing-left-large:0%;--awb-width-medium:100%;--awb-order-medium:0;--awb-spacing-right-medium:1.92%;--awb-spacing-left-medium:1.92%;--awb-width-small:100%;--awb-order-small:0;--awb-spacing-right-small:1.92%;--awb-spacing-left-small:1.92%;\"><div class=\"fusion-column-wrapper fusion-column-has-shadow fusion-flex-justify-content-flex-start fusion-content-layout-column\"><div class=\"fusion-title title fusion-title-2 fusion-sep-none fusion-title-text fusion-title-size-two\" style=\"--awb-text-color:var(--awb-color6);--awb-margin-bottom:25px;--awb-margin-top-small:10px;--awb-margin-right-small:0px;--awb-margin-bottom-small:10px;--awb-margin-left-small:0px;\"><h2 class=\"fusion-title-heading title-heading-left fusion-responsive-typography-calculated\" style=\"margin:0;--fontSize:40;line-height:1.2;\"><div style=\"text-align: left;\">\n<p>Nuestros Servicios<\/p>\n<\/div><\/h2><\/div><div class=\"fusion-separator\" style=\"align-self: flex-start;margin-right:auto;margin-top:2%;margin-bottom:3%;width:100%;max-width:50%;\"><div class=\"fusion-separator-border sep-single sep-solid\" style=\"--awb-height:20px;--awb-amount:20px;border-color:#e2e2e2;border-top-width:1px;\"><\/div><\/div><\/div><\/div><div class=\"fusion-layout-column fusion_builder_column fusion-builder-column-2 fusion_builder_column_1_4 1_4 fusion-flex-column\" style=\"--awb-bg-size:cover;--awb-width-large:25%;--awb-margin-top-large:0px;--awb-spacing-right-large:7.68%;--awb-margin-bottom-large:20px;--awb-spacing-left-large:7.68%;--awb-width-medium:50%;--awb-order-medium:0;--awb-spacing-right-medium:3.84%;--awb-spacing-left-medium:3.84%;--awb-width-small:100%;--awb-order-small:0;--awb-spacing-right-small:1.92%;--awb-spacing-left-small:1.92%;\"><div class=\"fusion-column-wrapper fusion-column-has-shadow fusion-flex-justify-content-flex-start fusion-content-layout-column\"><i class=\"fb-icon-element-2 fb-icon-element fontawesome-icon fa-dollar-sign fas circle-no fusion-text-flow\" style=\"--awb-iconcolor:var(--awb-color6);--awb-iconcolor-hover:var(--awb-color6);--awb-font-size:32px;--awb-margin-right:16px;\"><\/i><div class=\"fusion-title title fusion-title-3 fusion-sep-none fusion-title-text fusion-title-size-five\" style=\"--awb-margin-top-small:10px;--awb-margin-right-small:0px;--awb-margin-bottom-small:10px;--awb-margin-left-small:0px;\"><h5 class=\"fusion-title-heading title-heading-left fusion-responsive-typography-calculated\" style=\"margin:0;--fontSize:24;--minFontSize:24;line-height:1.4;\">Asistencia Econ\u00f3mica para Refugiados<\/h5><\/div><div class=\"fusion-text fusion-text-3\"><p>Hasta 4 meses de asistencia econ\u00f3mica a partir de la fecha de elegibilidad, que brinda apoyo para necesidades b\u00e1sicas como alimentos, vivienda y transporte. El programa tambi\u00e9n incluye planificaci\u00f3n obligatoria de autosuficiencia y servicios de empleo para ayudar a los clientes a evaluar sus necesidades y a obtener y conservar un empleo r\u00e1pidamente.<\/p>\n<\/div><\/div><\/div><div class=\"fusion-layout-column fusion_builder_column fusion-builder-column-3 fusion_builder_column_1_4 1_4 fusion-flex-column\" style=\"--awb-bg-size:cover;--awb-width-large:25%;--awb-margin-top-large:0px;--awb-spacing-right-large:7.68%;--awb-margin-bottom-large:20px;--awb-spacing-left-large:7.68%;--awb-width-medium:50%;--awb-order-medium:0;--awb-spacing-right-medium:3.84%;--awb-spacing-left-medium:3.84%;--awb-width-small:100%;--awb-order-small:0;--awb-spacing-right-small:1.92%;--awb-spacing-left-small:1.92%;\"><div class=\"fusion-column-wrapper fusion-column-has-shadow fusion-flex-justify-content-flex-start fusion-content-layout-column\"><i class=\"fb-icon-element-3 fb-icon-element fontawesome-icon fa-hand-holding-medical fas circle-no fusion-text-flow\" style=\"--awb-iconcolor:var(--awb-color6);--awb-iconcolor-hover:var(--awb-color6);--awb-font-size:32px;--awb-margin-right:16px;\"><\/i><div class=\"fusion-title title fusion-title-4 fusion-sep-none fusion-title-text fusion-title-size-five\" style=\"--awb-margin-top-small:10px;--awb-margin-right-small:0px;--awb-margin-bottom-small:10px;--awb-margin-left-small:0px;\"><h5 class=\"fusion-title-heading title-heading-left fusion-responsive-typography-calculated\" style=\"margin:0;--fontSize:24;--minFontSize:24;line-height:1.4;\">Asistencia M\u00e9dica para Refugiados<\/h5><\/div><div class=\"fusion-text fusion-text-4\"><p>A partir de la fecha de elegibilidad, los participantes del programa pueden recibir hasta 4 meses de asistencia m\u00e9dica para cubrir sus necesidades de salud. La Asistencia M\u00e9dica para Refugiados ofrece la misma cobertura de seguro m\u00e9dico que Medicaid.<\/p>\n<\/div><\/div><\/div><div class=\"fusion-layout-column fusion_builder_column fusion-builder-column-4 fusion_builder_column_1_4 1_4 fusion-flex-column\" style=\"--awb-bg-size:cover;--awb-width-large:25%;--awb-margin-top-large:0px;--awb-spacing-right-large:7.68%;--awb-margin-bottom-large:20px;--awb-spacing-left-large:7.68%;--awb-width-medium:50%;--awb-order-medium:0;--awb-spacing-right-medium:3.84%;--awb-spacing-left-medium:3.84%;--awb-width-small:100%;--awb-order-small:0;--awb-spacing-right-small:1.92%;--awb-spacing-left-small:1.92%;\"><div class=\"fusion-column-wrapper fusion-column-has-shadow fusion-flex-justify-content-flex-start fusion-content-layout-column\"><i class=\"fb-icon-element-4 fb-icon-element fontawesome-icon fa-laptop-medical fas circle-no fusion-text-flow\" style=\"--awb-iconcolor:var(--awb-color6);--awb-iconcolor-hover:var(--awb-color6);--awb-font-size:32px;--awb-margin-right:16px;\"><\/i><div class=\"fusion-title title fusion-title-5 fusion-sep-none fusion-title-text fusion-title-size-five\" style=\"--awb-margin-top-small:10px;--awb-margin-right-small:0px;--awb-margin-bottom-small:10px;--awb-margin-left-small:0px;\"><h5 class=\"fusion-title-heading title-heading-left fusion-responsive-typography-calculated\" style=\"margin:0;--fontSize:24;--minFontSize:24;line-height:1.4;\">Programa de Promoci\u00f3n de la Salud para Refugiados<\/h5><\/div><div class=\"fusion-text fusion-text-5\"><p>Los administradores de casos gu\u00edan a los clientes en el acceso a servicios de salud, solicitudes de seguro m\u00e9dico, programaci\u00f3n de citas y recursos externos. Adem\u00e1s, especialistas imparten clases sobre el sistema de salud de los Estados Unidos para apoyar la gesti\u00f3n independiente de la salud personal y familiar.<\/p>\n<\/div><\/div><\/div><div class=\"fusion-layout-column fusion_builder_column fusion-builder-column-5 fusion_builder_column_1_4 1_4 fusion-flex-column\" style=\"--awb-bg-size:cover;--awb-width-large:25%;--awb-margin-top-large:0px;--awb-spacing-right-large:7.68%;--awb-margin-bottom-large:20px;--awb-spacing-left-large:7.68%;--awb-width-medium:50%;--awb-order-medium:0;--awb-spacing-right-medium:3.84%;--awb-spacing-left-medium:3.84%;--awb-width-small:100%;--awb-order-small:0;--awb-spacing-right-small:1.92%;--awb-spacing-left-small:1.92%;\"><div class=\"fusion-column-wrapper fusion-column-has-shadow fusion-flex-justify-content-flex-start fusion-content-layout-column\"><i class=\"fb-icon-element-5 fb-icon-element fontawesome-icon fa-hands-helping fas circle-no fusion-text-flow\" style=\"--awb-iconcolor:var(--awb-color6);--awb-iconcolor-hover:var(--awb-color6);--awb-font-size:32px;--awb-margin-right:16px;\"><\/i><div class=\"fusion-title title fusion-title-6 fusion-sep-none fusion-title-text fusion-title-size-five\" style=\"--awb-margin-top-small:10px;--awb-margin-right-small:0px;--awb-margin-bottom-small:10px;--awb-margin-left-small:0px;\"><h5 class=\"fusion-title-heading title-heading-left fusion-responsive-typography-calculated\" style=\"margin:0;--fontSize:24;--minFontSize:24;line-height:1.4;\">Manejo de Casos y Apoyo a Largo Plazo<\/h5><\/div><div class=\"fusion-text fusion-text-6\"><p>Manejo de casos integral que aborda necesidades m\u00e1s all\u00e1 del empleo y la instrucci\u00f3n en ingl\u00e9s, incluyendo la eliminaci\u00f3n de barreras, servicios de salud y emergencia, adaptaci\u00f3n cultural, orientaci\u00f3n general y asistencia con beneficios federales y estatales. Este apoyo est\u00e1 disponible hasta 5 a\u00f1os a partir de la fecha de elegibilidad.<\/p>\n<\/div><\/div><\/div><div class=\"fusion-layout-column fusion_builder_column fusion-builder-column-6 fusion_builder_column_1_4 1_4 fusion-flex-column\" style=\"--awb-bg-size:cover;--awb-width-large:25%;--awb-margin-top-large:0px;--awb-spacing-right-large:7.68%;--awb-margin-bottom-large:20px;--awb-spacing-left-large:7.68%;--awb-width-medium:50%;--awb-order-medium:0;--awb-spacing-right-medium:3.84%;--awb-spacing-left-medium:3.84%;--awb-width-small:100%;--awb-order-small:0;--awb-spacing-right-small:1.92%;--awb-spacing-left-small:1.92%;\"><div class=\"fusion-column-wrapper fusion-column-has-shadow fusion-flex-justify-content-flex-start fusion-content-layout-column\"><i class=\"fb-icon-element-6 fb-icon-element fontawesome-icon fa-briefcase fas circle-no fusion-text-flow\" style=\"--awb-iconcolor:var(--awb-color6);--awb-iconcolor-hover:var(--awb-color6);--awb-font-size:32px;--awb-margin-right:16px;\"><\/i><div class=\"fusion-title title fusion-title-7 fusion-sep-none fusion-title-text fusion-title-size-five\" style=\"--awb-margin-top-small:10px;--awb-margin-right-small:0px;--awb-margin-bottom-small:10px;--awb-margin-left-small:0px;\"><h5 class=\"fusion-title-heading title-heading-left fusion-responsive-typography-calculated\" style=\"margin:0;--fontSize:24;--minFontSize:24;line-height:1.4;\">Servicios de Empleo<\/h5><\/div><div class=\"fusion-text fusion-text-7\"><p>Programa enfocado en el empleo que apoya la independencia econ\u00f3mica a trav\u00e9s de colocaci\u00f3n laboral, capacitaci\u00f3n vocacional, recertificaci\u00f3n y desarrollo de habilidades, as\u00ed como apoyo para la permanencia en el empleo. Disponible hasta 5 a\u00f1os desde la fecha de elegibilidad.<\/p>\n<\/div><\/div><\/div><div class=\"fusion-layout-column fusion_builder_column fusion-builder-column-7 fusion_builder_column_1_4 1_4 fusion-flex-column\" style=\"--awb-bg-size:cover;--awb-width-large:25%;--awb-margin-top-large:0px;--awb-spacing-right-large:7.68%;--awb-margin-bottom-large:20px;--awb-spacing-left-large:7.68%;--awb-width-medium:50%;--awb-order-medium:0;--awb-spacing-right-medium:3.84%;--awb-spacing-left-medium:3.84%;--awb-width-small:100%;--awb-order-small:0;--awb-spacing-right-small:1.92%;--awb-spacing-left-small:1.92%;\"><div class=\"fusion-column-wrapper fusion-column-has-shadow fusion-flex-justify-content-flex-start fusion-content-layout-column\"><i class=\"fb-icon-element-7 fb-icon-element fontawesome-icon fa-book-open fas circle-no fusion-text-flow\" style=\"--awb-iconcolor:var(--awb-color6);--awb-iconcolor-hover:var(--awb-color6);--awb-font-size:32px;--awb-margin-right:16px;\"><\/i><div class=\"fusion-title title fusion-title-8 fusion-sep-none fusion-title-text fusion-title-size-five\" style=\"--awb-margin-top-small:10px;--awb-margin-right-small:0px;--awb-margin-bottom-small:10px;--awb-margin-left-small:0px;\"><h5 class=\"fusion-title-heading title-heading-left fusion-responsive-typography-calculated\" style=\"margin:0;--fontSize:24;--minFontSize:24;line-height:1.4;\">Servicios Educativos<\/h5><\/div><div class=\"fusion-text fusion-text-8\"><p>Educaci\u00f3n presencial y virtual, as\u00ed como instrucci\u00f3n del idioma ingl\u00e9s, que apoya el camino de los clientes hacia la independencia econ\u00f3mica. Disponible hasta 5 a\u00f1os desde la fecha de elegibilidad.<\/p>\n<\/div><\/div><\/div><div class=\"fusion-layout-column fusion_builder_column fusion-builder-column-8 fusion_builder_column_1_4 1_4 fusion-flex-column\" style=\"--awb-bg-size:cover;--awb-width-large:25%;--awb-margin-top-large:0px;--awb-spacing-right-large:7.68%;--awb-margin-bottom-large:20px;--awb-spacing-left-large:7.68%;--awb-width-medium:50%;--awb-order-medium:0;--awb-spacing-right-medium:3.84%;--awb-spacing-left-medium:3.84%;--awb-width-small:100%;--awb-order-small:0;--awb-spacing-right-small:1.92%;--awb-spacing-left-small:1.92%;\"><div class=\"fusion-column-wrapper fusion-column-has-shadow fusion-flex-justify-content-flex-start fusion-content-layout-column\"><i class=\"fb-icon-element-8 fb-icon-element fontawesome-icon fa-graduation-cap fas circle-no fusion-text-flow\" style=\"--awb-iconcolor:var(--awb-color6);--awb-iconcolor-hover:var(--awb-color6);--awb-font-size:32px;--awb-margin-right:16px;\"><\/i><div class=\"fusion-title title fusion-title-9 fusion-sep-none fusion-title-text fusion-title-size-five\" style=\"--awb-margin-top-small:10px;--awb-margin-right-small:0px;--awb-margin-bottom-small:10px;--awb-margin-left-small:0px;\"><h5 class=\"fusion-title-heading title-heading-left fusion-responsive-typography-calculated\" style=\"margin:0;--fontSize:24;--minFontSize:24;line-height:1.4;\">Impacto Escolar para Refugiados<\/h5><\/div><div class=\"fusion-text fusion-text-9\"><p>Los navegadores escolares ayudan a las familias refugiadas a comprender el sistema de escuelas p\u00fablicas de los Estados Unidos mediante orientaci\u00f3n, apoyo de tutor\u00eda y asesoramiento a padres sobre adaptaciones escolares y recursos disponibles.<\/p>\n<\/div><\/div><\/div><\/div><\/div><div class=\"fusion-fullwidth fullwidth-box fusion-builder-row-3 fusion-flex-container has-pattern-background has-mask-background nonhundred-percent-fullwidth non-hundred-percent-height-scrolling\" style=\"--awb-border-radius-top-left:4%;--awb-border-radius-top-right:4%;--awb-border-radius-bottom-right:4%;--awb-border-radius-bottom-left:4%;--awb-overflow:hidden;--awb-padding-right-medium:39px;--awb-padding-left-medium:39px;--awb-margin-bottom:0px;--awb-flex-wrap:wrap;\" ><div class=\"fusion-builder-row fusion-row fusion-flex-align-items-center fusion-flex-justify-content-center fusion-flex-content-wrap\" style=\"max-width:1248px;margin-left: calc(-4% \/ 2 );margin-right: calc(-4% \/ 2 );\"><div class=\"fusion-layout-column fusion_builder_column fusion-builder-column-9 fusion_builder_column_2_3 2_3 fusion-flex-column\" style=\"--awb-padding-top:23px;--awb-padding-right:30px;--awb-padding-bottom:23px;--awb-padding-left:30px;--awb-bg-color:var(--awb-color3);--awb-bg-color-hover:var(--awb-color3);--awb-bg-size:cover;--awb-width-large:66.6666666667%;--awb-margin-top-large:26px;--awb-spacing-right-large:2.88%;--awb-margin-bottom-large:39px;--awb-spacing-left-large:2.88%;--awb-width-medium:100%;--awb-order-medium:0;--awb-spacing-right-medium:1.92%;--awb-spacing-left-medium:1.92%;--awb-width-small:100%;--awb-order-small:0;--awb-spacing-right-small:1.92%;--awb-spacing-left-small:1.92%;\"><div class=\"fusion-column-wrapper fusion-column-has-shadow fusion-flex-justify-content-flex-start fusion-content-layout-column\"><div class=\"fusion-title title fusion-title-10 fusion-sep-none fusion-title-text fusion-title-size-five\" style=\"--awb-text-color:var(--awb-color6);--awb-margin-top-small:10px;--awb-margin-right-small:0px;--awb-margin-bottom-small:10px;--awb-margin-left-small:0px;\"><h5 class=\"fusion-title-heading title-heading-left fusion-responsive-typography-calculated\" style=\"margin:0;--fontSize:24;--minFontSize:24;line-height:1.4;\">Elegibilidad del Programa<\/h5><\/div><div class=\"fusion-text fusion-text-10\"><p>Los programas de Servicios para Refugiados est\u00e1n disponibles para poblaciones elegibles seg\u00fan la Oficina de Reasentamiento de Refugiados (ORR) y pueden brindarse hasta por cinco a\u00f1os a partir de la fecha de elegibilidad.<\/p>\n<p>Para obtener m\u00e1s informaci\u00f3n sobre el programa de Menores Refugiados No Acompa\u00f1ados, consulte <a href=\"https:\/\/www.ccdallas.org\/es\/servicios-infantiles\/\">Servicios Infantiles<\/a>.<\/p>\n<\/div><\/div><\/div><\/div><\/div><div id=\"appointment\" class=\"fusion-container-anchor\"><div class=\"fusion-fullwidth fullwidth-box fusion-builder-row-4 fusion-flex-container nonhundred-percent-fullwidth non-hundred-percent-height-scrolling\" style=\"--awb-border-radius-top-left:0px;--awb-border-radius-top-right:0px;--awb-border-radius-bottom-right:0px;--awb-border-radius-bottom-left:0px;--awb-padding-top:42.9727px;--awb-padding-right:51px;--awb-padding-bottom:28px;--awb-padding-left:49px;--awb-background-color:#0085ca;--awb-flex-wrap:wrap;\" ><div class=\"fusion-builder-row fusion-row fusion-flex-align-items-center fusion-flex-content-wrap\" style=\"max-width:1248px;margin-left: calc(-4% \/ 2 );margin-right: calc(-4% \/ 2 );\"><div class=\"fusion-layout-column fusion_builder_column fusion-builder-column-10 fusion_builder_column_3_4 3_4 fusion-flex-column fusion-flex-align-self-flex-start\" style=\"--awb-padding-right:5%;--awb-bg-size:cover;--awb-border-color:var(--awb-color1);--awb-border-style:solid;--awb-width-large:75%;--awb-margin-top-large:0px;--awb-spacing-right-large:2.56%;--awb-margin-bottom-large:20px;--awb-spacing-left-large:2.56%;--awb-width-medium:100%;--awb-order-medium:0;--awb-spacing-right-medium:1.92%;--awb-spacing-left-medium:1.92%;--awb-width-small:100%;--awb-order-small:0;--awb-spacing-right-small:1.92%;--awb-spacing-left-small:1.92%;\"><div class=\"fusion-column-wrapper fusion-column-has-shadow fusion-flex-justify-content-center fusion-content-layout-column\"><div class=\"fusion-title title fusion-title-11 fusion-sep-none fusion-title-text fusion-title-size-four\" style=\"--awb-text-color:#ffffff;--awb-margin-top-small:10px;--awb-margin-right-small:0px;--awb-margin-bottom-small:10px;--awb-margin-left-small:0px;\"><h4 class=\"fusion-title-heading title-heading-left fusion-responsive-typography-calculated\" style=\"margin:0;--fontSize:28;line-height:1.36;\">\u00bfNecesita Ayuda de Servicios para Refugiados?<\/h4><\/div><div class=\"fusion-text fusion-text-11\"><p>Si usted o su familia buscan apoyo, nuestro equipo est\u00e1 aqu\u00ed para acompa\u00f1arle. <span style=\"background-color: rgba(0, 0, 0, 0);\">Puede llamarnos o enviarnos un correo electr\u00f3nico directamente, y le guiaremos en los siguientes pasos.<\/span><\/p>\n<\/div><\/div><\/div><div class=\"fusion-layout-column fusion_builder_column fusion-builder-column-11 fusion_builder_column_3_4 3_4 fusion-flex-column fusion-flex-align-self-flex-start\" style=\"--awb-padding-right:5%;--awb-bg-size:cover;--awb-border-color:var(--awb-color1);--awb-border-style:solid;--awb-width-large:75%;--awb-margin-top-large:0px;--awb-spacing-right-large:2.56%;--awb-margin-bottom-large:20px;--awb-spacing-left-large:2.56%;--awb-width-medium:100%;--awb-order-medium:0;--awb-spacing-right-medium:1.92%;--awb-spacing-left-medium:1.92%;--awb-width-small:100%;--awb-order-small:0;--awb-spacing-right-small:1.92%;--awb-spacing-left-small:1.92%;\"><div class=\"fusion-column-wrapper fusion-column-has-shadow fusion-flex-justify-content-center fusion-content-layout-column\"><div class=\"fusion-title title fusion-title-12 fusion-sep-none fusion-title-text fusion-title-size-five\" style=\"--awb-text-color:var(--awb-color1);--awb-margin-top-small:10px;--awb-margin-right-small:0px;--awb-margin-bottom-small:10px;--awb-margin-left-small:0px;--awb-font-size:22px;\"><h5 class=\"fusion-title-heading title-heading-left fusion-responsive-typography-calculated\" style=\"margin:0;font-size:1em;--fontSize:22;--minFontSize:22;line-height:1.4;\"><i class=\"fb-icon-element-9 fb-icon-element fontawesome-icon fa-phone-alt fas circle-yes fusion-text-flow\" style=\"--awb-iconcolor:var(--awb-color1);--awb-circlebordersize:1px;--awb-font-size:14.08px;--awb-width:28.16px;--awb-height:28.16px;--awb-line-height:26.16px;--awb-margin-right:8px;\"><\/i>Ll\u00e1menos al <a style=\"color: var(--awb-color5);\" href=\"tel:866-CCD-7500\">866-CCD-7500<\/a><br \/><i class=\"fb-icon-element-10 fb-icon-element fontawesome-icon fa-envelope fas circle-yes fusion-text-flow\" style=\"--awb-iconcolor:var(--awb-color1);--awb-circlebordersize:1px;--awb-font-size:14.08px;--awb-width:28.16px;--awb-height:28.16px;--awb-line-height:26.16px;--awb-margin-right:8px;\"><\/i>Escr\u00edbanos a <a style=\"color: var(--awb-color5);\" href=\"mailto:refugee.services@ccdallas.org\">refugeesupport@ccdallas.org<\/a><\/h5><\/div><\/div><\/div><\/div><\/div><\/div><div class=\"fusion-fullwidth fullwidth-box fusion-builder-row-5 fusion-flex-container has-pattern-background has-mask-background nonhundred-percent-fullwidth non-hundred-percent-height-scrolling\" style=\"--awb-border-radius-top-left:0px;--awb-border-radius-top-right:0px;--awb-border-radius-bottom-right:0px;--awb-border-radius-bottom-left:0px;--awb-padding-top:40px;--awb-padding-bottom:40px;--awb-padding-left:30px;--awb-flex-wrap:wrap;\" ><div class=\"fusion-builder-row fusion-row fusion-flex-align-items-flex-start fusion-flex-content-wrap\" style=\"max-width:1248px;margin-left: calc(-4% \/ 2 );margin-right: calc(-4% \/ 2 );\"><div class=\"fusion-layout-column fusion_builder_column fusion-builder-column-12 fusion_builder_column_1_1 1_1 fusion-flex-column fusion-flex-align-self-center\" style=\"--awb-padding-right:295px;--awb-padding-left:295px;--awb-padding-right-medium:200px;--awb-padding-left-medium:200px;--awb-padding-right-small:60px;--awb-padding-left-small:60px;--awb-bg-size:cover;--awb-width-large:100%;--awb-margin-top-large:0px;--awb-spacing-right-large:1.92%;--awb-margin-bottom-large:20px;--awb-spacing-left-large:1.92%;--awb-width-medium:100%;--awb-order-medium:0;--awb-spacing-right-medium:1.92%;--awb-spacing-left-medium:1.92%;--awb-width-small:100%;--awb-order-small:0;--awb-spacing-right-small:1.92%;--awb-spacing-left-small:1.92%;\"><div class=\"fusion-column-wrapper fusion-column-has-shadow fusion-flex-justify-content-center fusion-content-layout-column\"><div class=\"fusion-title title fusion-title-13 fusion-sep-none fusion-title-center fusion-title-text fusion-title-size-three\" style=\"--awb-margin-top-small:10px;--awb-margin-right-small:0px;--awb-margin-bottom-small:10px;--awb-margin-left-small:0px;\"><h3 class=\"fusion-title-heading title-heading-center fusion-responsive-typography-calculated\" style=\"margin:0;--fontSize:32;line-height:1.3;\">Sea Parte de la Bienvenida<\/h3><\/div><div class=\"fusion-text fusion-text-12\" style=\"--awb-content-alignment:center;\"><p>En Catholic Charities Dallas, damos la bienvenida al forastero y nos esforzamos por servir a cada persona con compasi\u00f3n, integridad y respeto. Usted puede ayudarnos a continuar esta labor de maneras significativas.<\/p>\n<\/div><\/div><\/div><div class=\"fusion-layout-column fusion_builder_column fusion-builder-column-13 fusion_builder_column_1_2 1_2 fusion-flex-column fusion-flex-align-self-center\" style=\"--awb-padding-right:80px;--awb-padding-left:80px;--awb-padding-right-medium:30px;--awb-padding-left-medium:30px;--awb-bg-size:cover;--awb-width-large:50%;--awb-margin-top-large:0px;--awb-spacing-right-large:3.84%;--awb-margin-bottom-large:20px;--awb-spacing-left-large:3.84%;--awb-width-medium:50%;--awb-order-medium:0;--awb-spacing-right-medium:3.84%;--awb-spacing-left-medium:3.84%;--awb-width-small:100%;--awb-order-small:0;--awb-spacing-right-small:1.92%;--awb-spacing-left-small:1.92%;\"><div class=\"fusion-column-wrapper fusion-column-has-shadow fusion-flex-justify-content-center fusion-content-layout-column\"><div class=\"fusion-title title fusion-title-14 fusion-sep-none fusion-title-center fusion-title-text fusion-title-size-three\" style=\"--awb-margin-top-small:10px;--awb-margin-right-small:0px;--awb-margin-bottom-small:10px;--awb-margin-left-small:0px;--awb-font-size:24px;\"><h3 class=\"fusion-title-heading title-heading-center fusion-responsive-typography-calculated\" style=\"margin:0;font-size:1em;--fontSize:24;--minFontSize:24;line-height:1.3;\">Sea Voluntario<\/h3><\/div><div class=\"fusion-text fusion-text-13\" style=\"--awb-content-alignment:center;\"><p>Los voluntarios desempe\u00f1an un papel fundamental en el apoyo a familias reci\u00e9n llegadas mientras comienzan a reconstruir sus vidas. Para conocer m\u00e1s sobre oportunidades con Servicios para Refugiados, visite nuestra p\u00e1gina de Voluntariado o escr\u00edbanos a <a href=\"mailto:volunteer@ccdallas.org\" style=\"color: var(--awb-color6);\">volunteer@ccdallas.org<\/a><\/p>\n<\/div><\/div><\/div><div class=\"fusion-layout-column fusion_builder_column fusion-builder-column-14 fusion_builder_column_1_2 1_2 fusion-flex-column\" style=\"--awb-padding-right:60px;--awb-padding-left:60px;--awb-padding-left-medium:60px;--awb-bg-size:cover;--awb-width-large:50%;--awb-margin-top-large:0px;--awb-spacing-right-large:3.84%;--awb-margin-bottom-large:20px;--awb-spacing-left-large:3.84%;--awb-width-medium:50%;--awb-order-medium:0;--awb-spacing-right-medium:3.84%;--awb-spacing-left-medium:3.84%;--awb-width-small:100%;--awb-order-small:0;--awb-spacing-right-small:1.92%;--awb-spacing-left-small:1.92%;\"><div class=\"fusion-column-wrapper fusion-column-has-shadow fusion-flex-justify-content-flex-start fusion-content-layout-column\"><div class=\"fusion-title title fusion-title-15 fusion-sep-none fusion-title-center fusion-title-text fusion-title-size-three\" style=\"--awb-margin-top-small:10px;--awb-margin-right-small:0px;--awb-margin-bottom-small:10px;--awb-margin-left-small:0px;--awb-font-size:24px;\"><h3 class=\"fusion-title-heading title-heading-center fusion-responsive-typography-calculated\" style=\"margin:0;font-size:1em;--fontSize:24;--minFontSize:24;line-height:1.3;\">Done Art\u00edculos Necesarios<\/h3><\/div><div class=\"fusion-text fusion-text-14\" style=\"--awb-content-alignment:center;\"><p>Muchas familias llegan con muy pocas pertenencias. Usted puede apoyarles donando art\u00edculos esenciales para el hogar a trav\u00e9s de nuestra p\u00e1gina de <font color=\"rgba(0, 0, 0, 0)\"><a href=\"https:\/\/www.ccdallas.org\/in-kind-donations\/\">Donaciones en Especieage<\/a><\/font>. <\/p>\n<\/div><\/div><\/div><\/div><\/div><\/p>\n","protected":false},"excerpt":{"rendered":"","protected":false},"author":903,"featured_media":0,"parent":0,"menu_order":0,"comment_status":"closed","ping_status":"closed","template":"100-width.php","meta":{"_acf_changed":false,"content-type":"","_price":"","_stock":"","_tribe_ticket_header":"","_tribe_default_ticket_provider":"","_tribe_ticket_capacity":"0","_ticket_start_date":"","_ticket_end_date":"","_tribe_ticket_show_description":"","_tribe_ticket_show_not_going":false,"_tribe_ticket_use_global_stock":"","_tribe_ticket_global_stock_level":"","_global_stock_mode":"","_global_stock_cap":"","_tribe_rsvp_for_event":"","_tribe_ticket_going_count":"","_tribe_ticket_not_going_count":"","_tribe_tickets_list":"[]","_tribe_ticket_has_attendee_info_fields":false,"footnotes":"","_tec_slr_enabled":"","_tec_slr_layout":""},"locations":[],"class_list":["post-69088","page","type-page","status-publish","hentry"],"acf":[],"yoast_head":"<!-- This site is optimized with the Yoast SEO plugin v27.4 - https:\/\/yoast.com\/product\/yoast-seo-wordpress\/ -->\n<title>Servicios para Refugiados - Catholic Charities Dallas<\/title>\n<meta name=\"robots\" content=\"index, follow, max-snippet:-1, max-image-preview:large, max-video-preview:-1\" \/>\n<link rel=\"canonical\" href=\"https:\/\/www.ccdallas.org\/es\/servicios-para-refugiados\/\" \/>\n<meta property=\"og:locale\" content=\"es_ES\" \/>\n<meta property=\"og:type\" content=\"article\" \/>\n<meta property=\"og:title\" content=\"Servicios para Refugiados - Catholic Charities Dallas\" \/>\n<meta property=\"og:url\" content=\"https:\/\/www.ccdallas.org\/es\/servicios-para-refugiados\/\" \/>\n<meta property=\"og:site_name\" content=\"Catholic Charities Dallas\" \/>\n<meta property=\"article:publisher\" content=\"https:\/\/www.facebook.com\/catholiccharitiesdallas\" \/>\n<meta property=\"article:modified_time\" content=\"2026-04-28T18:20:27+00:00\" \/>\n<meta name=\"twitter:card\" content=\"summary_large_image\" \/>\n<meta name=\"twitter:site\" content=\"@CCofDallas\" \/>\n<script type=\"application\/ld+json\" class=\"yoast-schema-graph\">{\"@context\":\"https:\\\/\\\/schema.org\",\"@graph\":[{\"@type\":\"WebPage\",\"@id\":\"https:\\\/\\\/www.ccdallas.org\\\/es\\\/servicios-para-refugiados\\\/\",\"url\":\"https:\\\/\\\/www.ccdallas.org\\\/es\\\/servicios-para-refugiados\\\/\",\"name\":\"Servicios para Refugiados - Catholic Charities Dallas\",\"isPartOf\":{\"@id\":\"https:\\\/\\\/www.ccdallas.org\\\/es\\\/#website\"},\"datePublished\":\"2026-04-28T17:56:43+00:00\",\"dateModified\":\"2026-04-28T18:20:27+00:00\",\"breadcrumb\":{\"@id\":\"https:\\\/\\\/www.ccdallas.org\\\/es\\\/servicios-para-refugiados\\\/#breadcrumb\"},\"inLanguage\":\"es\",\"potentialAction\":[{\"@type\":\"ReadAction\",\"target\":[\"https:\\\/\\\/www.ccdallas.org\\\/es\\\/servicios-para-refugiados\\\/\"]}]},{\"@type\":\"BreadcrumbList\",\"@id\":\"https:\\\/\\\/www.ccdallas.org\\\/es\\\/servicios-para-refugiados\\\/#breadcrumb\",\"itemListElement\":[{\"@type\":\"ListItem\",\"position\":1,\"name\":\"Home\",\"item\":\"https:\\\/\\\/www.ccdallas.org\\\/es\\\/\"},{\"@type\":\"ListItem\",\"position\":2,\"name\":\"Servicios para Refugiados\"}]},{\"@type\":\"WebSite\",\"@id\":\"https:\\\/\\\/www.ccdallas.org\\\/es\\\/#website\",\"url\":\"https:\\\/\\\/www.ccdallas.org\\\/es\\\/\",\"name\":\"Catholic Charities Dallas\",\"description\":\"The Right Call For All in Need\",\"publisher\":{\"@id\":\"https:\\\/\\\/www.ccdallas.org\\\/es\\\/#organization\"},\"potentialAction\":[{\"@type\":\"SearchAction\",\"target\":{\"@type\":\"EntryPoint\",\"urlTemplate\":\"https:\\\/\\\/www.ccdallas.org\\\/es\\\/?s={search_term_string}\"},\"query-input\":{\"@type\":\"PropertyValueSpecification\",\"valueRequired\":true,\"valueName\":\"search_term_string\"}}],\"inLanguage\":\"es\"},{\"@type\":\"Organization\",\"@id\":\"https:\\\/\\\/www.ccdallas.org\\\/es\\\/#organization\",\"name\":\"Catholic Charities Dallas\",\"url\":\"https:\\\/\\\/www.ccdallas.org\\\/es\\\/\",\"logo\":{\"@type\":\"ImageObject\",\"inLanguage\":\"es\",\"@id\":\"https:\\\/\\\/www.ccdallas.org\\\/es\\\/#\\\/schema\\\/logo\\\/image\\\/\",\"url\":\"https:\\\/\\\/www.ccdallas.org\\\/wp-content\\\/uploads\\\/2026\\\/03\\\/ccd-logo-2026.png\",\"contentUrl\":\"https:\\\/\\\/www.ccdallas.org\\\/wp-content\\\/uploads\\\/2026\\\/03\\\/ccd-logo-2026.png\",\"width\":1292,\"height\":850,\"caption\":\"Catholic Charities Dallas\"},\"image\":{\"@id\":\"https:\\\/\\\/www.ccdallas.org\\\/es\\\/#\\\/schema\\\/logo\\\/image\\\/\"},\"sameAs\":[\"https:\\\/\\\/www.facebook.com\\\/catholiccharitiesdallas\",\"https:\\\/\\\/x.com\\\/CCofDallas\",\"https:\\\/\\\/www.instagram.com\\\/catholiccharitiesdallas\",\"https:\\\/\\\/www.linkedin.com\\\/company\\\/catholic-charities-of-dallas-inc-\\\/\"]}]}<\/script>\n<!-- \/ Yoast SEO plugin. -->","yoast_head_json":{"title":"Servicios para Refugiados - Catholic Charities Dallas","robots":{"index":"index","follow":"follow","max-snippet":"max-snippet:-1","max-image-preview":"max-image-preview:large","max-video-preview":"max-video-preview:-1"},"canonical":"https:\/\/www.ccdallas.org\/es\/servicios-para-refugiados\/","og_locale":"es_ES","og_type":"article","og_title":"Servicios para Refugiados - Catholic Charities Dallas","og_url":"https:\/\/www.ccdallas.org\/es\/servicios-para-refugiados\/","og_site_name":"Catholic Charities Dallas","article_publisher":"https:\/\/www.facebook.com\/catholiccharitiesdallas","article_modified_time":"2026-04-28T18:20:27+00:00","twitter_card":"summary_large_image","twitter_site":"@CCofDallas","schema":{"@context":"https:\/\/schema.org","@graph":[{"@type":"WebPage","@id":"https:\/\/www.ccdallas.org\/es\/servicios-para-refugiados\/","url":"https:\/\/www.ccdallas.org\/es\/servicios-para-refugiados\/","name":"Servicios para Refugiados - Catholic Charities Dallas","isPartOf":{"@id":"https:\/\/www.ccdallas.org\/es\/#website"},"datePublished":"2026-04-28T17:56:43+00:00","dateModified":"2026-04-28T18:20:27+00:00","breadcrumb":{"@id":"https:\/\/www.ccdallas.org\/es\/servicios-para-refugiados\/#breadcrumb"},"inLanguage":"es","potentialAction":[{"@type":"ReadAction","target":["https:\/\/www.ccdallas.org\/es\/servicios-para-refugiados\/"]}]},{"@type":"BreadcrumbList","@id":"https:\/\/www.ccdallas.org\/es\/servicios-para-refugiados\/#breadcrumb","itemListElement":[{"@type":"ListItem","position":1,"name":"Home","item":"https:\/\/www.ccdallas.org\/es\/"},{"@type":"ListItem","position":2,"name":"Servicios para Refugiados"}]},{"@type":"WebSite","@id":"https:\/\/www.ccdallas.org\/es\/#website","url":"https:\/\/www.ccdallas.org\/es\/","name":"Catholic Charities Dallas","description":"The Right Call For All in Need","publisher":{"@id":"https:\/\/www.ccdallas.org\/es\/#organization"},"potentialAction":[{"@type":"SearchAction","target":{"@type":"EntryPoint","urlTemplate":"https:\/\/www.ccdallas.org\/es\/?s={search_term_string}"},"query-input":{"@type":"PropertyValueSpecification","valueRequired":true,"valueName":"search_term_string"}}],"inLanguage":"es"},{"@type":"Organization","@id":"https:\/\/www.ccdallas.org\/es\/#organization","name":"Catholic Charities Dallas","url":"https:\/\/www.ccdallas.org\/es\/","logo":{"@type":"ImageObject","inLanguage":"es","@id":"https:\/\/www.ccdallas.org\/es\/#\/schema\/logo\/image\/","url":"https:\/\/www.ccdallas.org\/wp-content\/uploads\/2026\/03\/ccd-logo-2026.png","contentUrl":"https:\/\/www.ccdallas.org\/wp-content\/uploads\/2026\/03\/ccd-logo-2026.png","width":1292,"height":850,"caption":"Catholic Charities Dallas"},"image":{"@id":"https:\/\/www.ccdallas.org\/es\/#\/schema\/logo\/image\/"},"sameAs":["https:\/\/www.facebook.com\/catholiccharitiesdallas","https:\/\/x.com\/CCofDallas","https:\/\/www.instagram.com\/catholiccharitiesdallas","https:\/\/www.linkedin.com\/company\/catholic-charities-of-dallas-inc-\/"]}]}},"ticketed":false,"_links":{"self":[{"href":"https:\/\/www.ccdallas.org\/es\/wp-json\/wp\/v2\/pages\/69088","targetHints":{"allow":["GET"]}}],"collection":[{"href":"https:\/\/www.ccdallas.org\/es\/wp-json\/wp\/v2\/pages"}],"about":[{"href":"https:\/\/www.ccdallas.org\/es\/wp-json\/wp\/v2\/types\/page"}],"author":[{"embeddable":true,"href":"https:\/\/www.ccdallas.org\/es\/wp-json\/wp\/v2\/users\/903"}],"replies":[{"embeddable":true,"href":"https:\/\/www.ccdallas.org\/es\/wp-json\/wp\/v2\/comments?post=69088"}],"version-history":[{"count":4,"href":"https:\/\/www.ccdallas.org\/es\/wp-json\/wp\/v2\/pages\/69088\/revisions"}],"predecessor-version":[{"id":69096,"href":"https:\/\/www.ccdallas.org\/es\/wp-json\/wp\/v2\/pages\/69088\/revisions\/69096"}],"wp:attachment":[{"href":"https:\/\/www.ccdallas.org\/es\/wp-json\/wp\/v2\/media?parent=69088"}],"wp:term":[{"taxonomy":"locations","embeddable":true,"href":"https:\/\/www.ccdallas.org\/es\/wp-json\/wp\/v2\/locations?post=69088"}],"curies":[{"name":"wp","href":"https:\/\/api.w.org\/{rel}","templated":true}]}}